{"id":4913,"date":"2022-09-09T09:03:30","date_gmt":"2022-09-09T09:03:30","guid":{"rendered":"https:\/\/krz.sim-plexity.de\/?page_id=4913"},"modified":"2025-04-02T06:22:31","modified_gmt":"2025-04-02T06:22:31","slug":"standorte","status":"publish","type":"page","link":"https:\/\/www.fleischerinnung-boeblingen-ludwigsburg.de\/?page_id=4913","title":{"rendered":"Mitgliedsbetriebe"},"content":{"rendered":"\t\t<div data-elementor-type=\"wp-post\" data-elementor-id=\"4913\" class=\"elementor elementor-4913\" data-elementor-post-type=\"page\">\n\t\t\t\t\t\t<section class=\"elementor-section elementor-top-section elementor-element elementor-element-358c68bf elementor-section-height-min-height elementor-section-stretched elementor-section-boxed elementor-section-height-default elementor-section-items-middle\" data-id=\"358c68bf\" data-element_type=\"section\" data-e-type=\"section\" data-settings=\"{&quot;background_background&quot;:&quot;classic&quot;,&quot;stretch_section&quot;:&quot;section-stretched&quot;}\">\n\t\t\t\t\t\t<div class=\"elementor-container elementor-column-gap-default\">\n\t\t\t\t\t<div class=\"elementor-column elementor-col-100 elementor-top-column elementor-element elementor-element-99fbffb\" data-id=\"99fbffb\" data-element_type=\"column\" data-e-type=\"column\">\n\t\t\t<div class=\"elementor-widget-wrap\">\n\t\t\t\t\t\t\t<\/div>\n\t\t<\/div>\n\t\t\t\t\t<\/div>\n\t\t<\/section>\n\t\t\t\t<section class=\"elementor-section elementor-top-section elementor-element elementor-element-39a9964 elementor-section-boxed elementor-section-height-default elementor-section-height-default\" data-id=\"39a9964\" data-element_type=\"section\" data-e-type=\"section\">\n\t\t\t\t\t\t<div class=\"elementor-container elementor-column-gap-default\">\n\t\t\t\t\t<div class=\"elementor-column elementor-col-100 elementor-top-column elementor-element elementor-element-20a3899\" data-id=\"20a3899\" data-element_type=\"column\" data-e-type=\"column\">\n\t\t\t<div class=\"elementor-widget-wrap elementor-element-populated\">\n\t\t\t\t\t\t<div class=\"elementor-element elementor-element-f271218 elementor-widget elementor-widget-text-editor\" data-id=\"f271218\" data-element_type=\"widget\" data-e-type=\"widget\" data-widget_type=\"text-editor.default\">\n\t\t\t\t<div class=\"elementor-widget-container\">\n\t\t\t\t\t\t\t\t\t<p>unsere Mitgliedsbetriebe<\/p>\t\t\t\t\t\t\t\t<\/div>\n\t\t\t\t<\/div>\n\t\t\t\t\t<\/div>\n\t\t<\/div>\n\t\t\t\t\t<\/div>\n\t\t<\/section>\n\t\t\t\t<section class=\"elementor-section elementor-top-section elementor-element elementor-element-98e8d03 elementor-section-boxed elementor-section-height-default elementor-section-height-default\" data-id=\"98e8d03\" data-element_type=\"section\" data-e-type=\"section\">\n\t\t\t\t\t\t<div class=\"elementor-container elementor-column-gap-default\">\n\t\t\t\t\t<div class=\"elementor-column elementor-col-100 elementor-top-column elementor-element elementor-element-9a2f572\" data-id=\"9a2f572\" data-element_type=\"column\" data-e-type=\"column\">\n\t\t\t<div class=\"elementor-widget-wrap elementor-element-populated\">\n\t\t\t\t\t\t<div class=\"elementor-element elementor-element-f623c7f elementor-widget elementor-widget-text-editor\" data-id=\"f623c7f\" data-element_type=\"widget\" data-e-type=\"widget\" data-widget_type=\"text-editor.default\">\n\t\t\t\t<div class=\"elementor-widget-container\">\n\t\t\t\t\t\t\t\t\t<p>65 inhabergef\u00fchrte Metzgereibetriebe und deren Filialen sind Teil der fusionierten Fleischerinnung B\u00f6blingen-Ludwigsburg. Sie gew\u00e4hrleisten eine fl\u00e4chendeckende und qualitativ hochwertige Versorgung der beiden Landkreise mit frischen Fleisch- und Wurstprodukten.<\/p>\n<p>Die Qualit\u00e4t unseres reichhaltigen Produktsortiments beginnt bei den regionalen Bauern. Artgerechte Haltung und F\u00fctterung der Tiere sowie kurze Transportwege sind uns ein Anliegen. So k\u00f6nnen wir Geschmack, Fleischqualit\u00e4t und Frische mitbestimmen. Durch die Fusion der bisher selbstst\u00e4ndigen Fleischerinnungen B\u00f6blingen und Ludwigsburg haben wir unsere Position am Markt gest\u00e4rkt. Mit den 65 inhabergef\u00fchrten Betrieben und deren Filialen vor Ort tragen wir wirtschaftliche, soziale und \u00f6kologische Verantwortung und gestalten den Markt.<\/p>\t\t\t\t\t\t\t\t<\/div>\n\t\t\t\t<\/div>\n\t\t\t\t\t<\/div>\n\t\t<\/div>\n\t\t\t\t\t<\/div>\n\t\t<\/section>\n\t\t\t\t<section class=\"elementor-section elementor-top-section elementor-element elementor-element-ef4d0dc elementor-section-boxed elementor-section-height-default elementor-section-height-default\" data-id=\"ef4d0dc\" data-element_type=\"section\" data-e-type=\"section\">\n\t\t\t\t\t\t<div class=\"elementor-container elementor-column-gap-default\">\n\t\t\t\t\t<div class=\"elementor-column elementor-col-100 elementor-top-column elementor-element elementor-element-5b5e649\" data-id=\"5b5e649\" data-element_type=\"column\" data-e-type=\"column\">\n\t\t\t<div class=\"elementor-widget-wrap elementor-element-populated\">\n\t\t\t\t\t\t<div class=\"elementor-element elementor-element-0506c0b elementor-widget elementor-widget-spacer\" data-id=\"0506c0b\" data-element_type=\"widget\" data-e-type=\"widget\" data-widget_type=\"spacer.default\">\n\t\t\t\t<div class=\"elementor-widget-container\">\n\t\t\t\t\t\t\t<div class=\"elementor-spacer\">\n\t\t\t<div class=\"elementor-spacer-inner\"><\/div>\n\t\t<\/div>\n\t\t\t\t\t\t<\/div>\n\t\t\t\t<\/div>\n\t\t\t\t\t<\/div>\n\t\t<\/div>\n\t\t\t\t\t<\/div>\n\t\t<\/section>\n\t\t\t\t<section class=\"elementor-section elementor-top-section elementor-element elementor-element-2e07f9f elementor-section-boxed elementor-section-height-default elementor-section-height-default\" data-id=\"2e07f9f\" data-element_type=\"section\" data-e-type=\"section\">\n\t\t\t\t\t\t<div class=\"elementor-container elementor-column-gap-default\">\n\t\t\t\t\t<div class=\"elementor-column elementor-col-100 elementor-top-column elementor-element elementor-element-855247e\" data-id=\"855247e\" data-element_type=\"column\" data-e-type=\"column\">\n\t\t\t<div class=\"elementor-widget-wrap elementor-element-populated\">\n\t\t\t\t\t\t<section class=\"elementor-section elementor-inner-section elementor-element elementor-element-ecb3086 elementor-section-boxed elementor-section-height-default elementor-section-height-default\" data-id=\"ecb3086\" data-element_type=\"section\" data-e-type=\"section\" data-settings=\"{&quot;background_background&quot;:&quot;classic&quot;}\">\n\t\t\t\t\t\t<div class=\"elementor-container elementor-column-gap-default\">\n\t\t\t\t\t<div class=\"elementor-column elementor-col-33 elementor-inner-column elementor-element elementor-element-92256df\" data-id=\"92256df\" data-element_type=\"column\" data-e-type=\"column\">\n\t\t\t<div class=\"elementor-widget-wrap elementor-element-populated\">\n\t\t\t\t\t\t<div class=\"elementor-element elementor-element-a8e413a elementor-widget elementor-widget-text-editor\" data-id=\"a8e413a\" data-element_type=\"widget\" data-e-type=\"widget\" data-widget_type=\"text-editor.default\">\n\t\t\t\t<div class=\"elementor-widget-container\">\n\t\t\t\t\t\t\t\t\t<p><a href=\"https:\/\/www.metzgerei-baeuerle-schaeufelin.de\/\"><strong>Metzgerei B\u00e4uerle-Sch\u00e4ufelin<\/strong><\/a><br \/>Inh. Walter B\u00e4uerle-Sch\u00e4ufelin <br \/>Hauptstra\u00dfe 10\/1<br \/>71282 Hemmingen<br \/>Tel.\u00a0<a href=\"tel:07150\/6209\" target=\"_blank\" rel=\"noopener\">07150\/6209<\/a><\/p>\t\t\t\t\t\t\t\t<\/div>\n\t\t\t\t<\/div>\n\t\t\t\t\t<\/div>\n\t\t<\/div>\n\t\t\t\t<div class=\"elementor-column elementor-col-33 elementor-inner-column elementor-element elementor-element-44983af\" data-id=\"44983af\" data-element_type=\"column\" data-e-type=\"column\">\n\t\t\t<div class=\"elementor-widget-wrap elementor-element-populated\">\n\t\t\t\t\t\t<div class=\"elementor-element elementor-element-4d1a974 elementor-widget elementor-widget-text-editor\" data-id=\"4d1a974\" data-element_type=\"widget\" data-e-type=\"widget\" data-widget_type=\"text-editor.default\">\n\t\t\t\t<div class=\"elementor-widget-container\">\n\t\t\t\t\t\t\t\t\t<p><a href=\"http:\/\/www.metzgerei-blankenhorn.de\/\"><strong>Metzgerei Blankenhorn<\/strong><\/a><br \/>Inh. Michael Blankenhorn <br \/>Bahnhofstr. 22<br \/>71088 Holzgerlingen<br \/>Tel.\u00a0<a href=\"tel:07031\/605539\" target=\"_blank\" rel=\"noopener\">07031\/605539<\/a><\/p>\t\t\t\t\t\t\t\t<\/div>\n\t\t\t\t<\/div>\n\t\t\t\t\t<\/div>\n\t\t<\/div>\n\t\t\t\t<div class=\"elementor-column elementor-col-33 elementor-inner-column elementor-element elementor-element-ae5cb14\" data-id=\"ae5cb14\" data-element_type=\"column\" data-e-type=\"column\">\n\t\t\t<div class=\"elementor-widget-wrap elementor-element-populated\">\n\t\t\t\t\t\t<div class=\"elementor-element elementor-element-83d370c elementor-widget elementor-widget-text-editor\" data-id=\"83d370c\" data-element_type=\"widget\" data-e-type=\"widget\" data-widget_type=\"text-editor.default\">\n\t\t\t\t<div class=\"elementor-widget-container\">\n\t\t\t\t\t\t\t\t\t<p><a href=\"https:\/\/franz-bock.de\/\"><strong>Franz Bock GmbH<\/strong><\/a><br \/>Inh. S. H\u00e4u\u00dfler, J. H\u00e4u\u00dfler, G. Lenz <br \/>Industriestr. 15<br \/>71706 Markgr\u00f6ningen<br \/>Tel.\u00a0<a href=\"tel:07147\/921110\" target=\"_blank\" rel=\"noopener\">07147\/921110<\/a><\/p>\t\t\t\t\t\t\t\t<\/div>\n\t\t\t\t<\/div>\n\t\t\t\t\t<\/div>\n\t\t<\/div>\n\t\t\t\t\t<\/div>\n\t\t<\/section>\n\t\t\t\t<section class=\"elementor-section elementor-inner-section elementor-element elementor-element-17e01c7 elementor-section-boxed elementor-section-height-default elementor-section-height-default\" data-id=\"17e01c7\" data-element_type=\"section\" data-e-type=\"section\" data-settings=\"{&quot;background_background&quot;:&quot;classic&quot;}\">\n\t\t\t\t\t\t<div class=\"elementor-container elementor-column-gap-default\">\n\t\t\t\t\t<div class=\"elementor-column elementor-col-100 elementor-inner-column elementor-element elementor-element-18b8231\" data-id=\"18b8231\" data-element_type=\"column\" data-e-type=\"column\">\n\t\t\t<div class=\"elementor-widget-wrap\">\n\t\t\t\t\t\t\t<\/div>\n\t\t<\/div>\n\t\t\t\t\t<\/div>\n\t\t<\/section>\n\t\t\t\t<section class=\"elementor-section elementor-inner-section elementor-element elementor-element-f4a543f elementor-section-boxed elementor-section-height-default elementor-section-height-default\" data-id=\"f4a543f\" data-element_type=\"section\" data-e-type=\"section\" data-settings=\"{&quot;background_background&quot;:&quot;classic&quot;}\">\n\t\t\t\t\t\t<div class=\"elementor-container elementor-column-gap-default\">\n\t\t\t\t\t<div class=\"elementor-column elementor-col-33 elementor-inner-column elementor-element elementor-element-5459777\" data-id=\"5459777\" data-element_type=\"column\" data-e-type=\"column\">\n\t\t\t<div class=\"elementor-widget-wrap elementor-element-populated\">\n\t\t\t\t\t\t<div class=\"elementor-element elementor-element-65ffab8 elementor-widget elementor-widget-text-editor\" data-id=\"65ffab8\" data-element_type=\"widget\" data-e-type=\"widget\" data-widget_type=\"text-editor.default\">\n\t\t\t\t<div class=\"elementor-widget-container\">\n\t\t\t\t\t\t\t\t\t<p><a href=\"https:\/\/metzgerei-boeblingen.de\/\"><strong>Metzgerei &amp; Partyservice B\u00f6hm<\/strong><\/a><br \/>Inh. Dieter Jaiser<br \/>Stadtgrabenstr. 16<br \/>71032 B\u00f6blingen<br \/>Tel.\u00a0<a href=\"tel:07031\/220438\" target=\"_blank\" rel=\"noopener\">07031\/220438<\/a><\/p><p><strong>Filiale:<\/strong><br \/>T\u00fcbinger Str. 25<br \/>71088 Holzgerlingen<br \/>Tel.\u00a0<a href=\"tel:07031\/601551\" target=\"_blank\" rel=\"noopener\">07031\/601551<\/a><\/p>\t\t\t\t\t\t\t\t<\/div>\n\t\t\t\t<\/div>\n\t\t\t\t\t<\/div>\n\t\t<\/div>\n\t\t\t\t<div class=\"elementor-column elementor-col-33 elementor-inner-column elementor-element elementor-element-e6d1d3a\" data-id=\"e6d1d3a\" data-element_type=\"column\" data-e-type=\"column\">\n\t\t\t<div class=\"elementor-widget-wrap elementor-element-populated\">\n\t\t\t\t\t\t<div class=\"elementor-element elementor-element-48d6f99 elementor-widget elementor-widget-text-editor\" data-id=\"48d6f99\" data-element_type=\"widget\" data-e-type=\"widget\" data-widget_type=\"text-editor.default\">\n\t\t\t\t<div class=\"elementor-widget-container\">\n\t\t\t\t\t\t\t\t\t<p><strong>Metzgerei Hans B\u00f6hmler<\/strong><br \/>Inh. Hans B\u00f6hmler <br \/>Hauptstr. 19<br \/>71287 Weissach<br \/>Tel.\u00a0<a href=\"tel:07044\/31334\" target=\"_blank\" rel=\"noopener\">07044\/31334<\/a><\/p>\t\t\t\t\t\t\t\t<\/div>\n\t\t\t\t<\/div>\n\t\t\t\t\t<\/div>\n\t\t<\/div>\n\t\t\t\t<div class=\"elementor-column elementor-col-33 elementor-inner-column elementor-element elementor-element-7044bfb\" data-id=\"7044bfb\" data-element_type=\"column\" data-e-type=\"column\">\n\t\t\t<div class=\"elementor-widget-wrap elementor-element-populated\">\n\t\t\t\t\t\t<div class=\"elementor-element elementor-element-71ec509 elementor-widget elementor-widget-text-editor\" data-id=\"71ec509\" data-element_type=\"widget\" data-e-type=\"widget\" data-widget_type=\"text-editor.default\">\n\t\t\t\t<div class=\"elementor-widget-container\">\n\t\t\t\t\t\t\t\t\t<p><a href=\"https:\/\/www.metzgerei-bosch.de\/\"><strong>Metzgerei Walter Bosch<\/strong><\/a><br \/>Inh. Walter Bosch <br \/>Silcherstr. 18<br \/>71083 Herrenberg<br \/>Tel.\u00a0<a href=\"tel:07032\/5121\" target=\"_blank\" rel=\"noopener\">07032\/5121<\/a><\/p><p><strong>Filiale:<\/strong><br \/>Jettinger Str. 1\u00a0 <br \/>71083 Herrenberg-Kuppingen<br \/>Tel.\u00a0<a href=\"tel:07032\/33659\" target=\"_blank\" rel=\"noopener\">07032\/33659<\/a><\/p>\t\t\t\t\t\t\t\t<\/div>\n\t\t\t\t<\/div>\n\t\t\t\t\t<\/div>\n\t\t<\/div>\n\t\t\t\t\t<\/div>\n\t\t<\/section>\n\t\t\t\t\t<\/div>\n\t\t<\/div>\n\t\t\t\t\t<\/div>\n\t\t<\/section>\n\t\t\t\t<section class=\"elementor-section elementor-top-section elementor-element elementor-element-4bc829d elementor-section-boxed elementor-section-height-default elementor-section-height-default\" data-id=\"4bc829d\" data-element_type=\"section\" data-e-type=\"section\">\n\t\t\t\t\t\t<div class=\"elementor-container elementor-column-gap-default\">\n\t\t\t\t\t<div class=\"elementor-column elementor-col-100 elementor-top-column elementor-element elementor-element-de6e353\" data-id=\"de6e353\" data-element_type=\"column\" data-e-type=\"column\">\n\t\t\t<div class=\"elementor-widget-wrap elementor-element-populated\">\n\t\t\t\t\t\t<section class=\"elementor-section elementor-inner-section elementor-element elementor-element-4db7eb3 elementor-section-boxed elementor-section-height-default elementor-section-height-default\" data-id=\"4db7eb3\" data-element_type=\"section\" data-e-type=\"section\" data-settings=\"{&quot;background_background&quot;:&quot;classic&quot;}\">\n\t\t\t\t\t\t<div class=\"elementor-container elementor-column-gap-default\">\n\t\t\t\t\t<div class=\"elementor-column elementor-col-33 elementor-inner-column elementor-element elementor-element-b52a9e4\" data-id=\"b52a9e4\" data-element_type=\"column\" data-e-type=\"column\">\n\t\t\t<div class=\"elementor-widget-wrap elementor-element-populated\">\n\t\t\t\t\t\t<div class=\"elementor-element elementor-element-3f87838 elementor-widget elementor-widget-text-editor\" data-id=\"3f87838\" data-element_type=\"widget\" data-e-type=\"widget\" data-widget_type=\"text-editor.default\">\n\t\t\t\t<div class=\"elementor-widget-container\">\n\t\t\t\t\t\t\t\t\t<p><a href=\"http:\/\/brosi-landmetzgerei.de\/\"><strong>Landmetzgerei Werner Brosi<\/strong><\/a><br \/>Inh. Werner Brosi <br \/>Im Kornfeld 5<br \/>71696 M\u00f6glingen<br \/>Tel.\u00a0<a href=\"tel:07141\/482125\" target=\"_blank\" rel=\"noopener\">07141\/482125<\/a><\/p>\t\t\t\t\t\t\t\t<\/div>\n\t\t\t\t<\/div>\n\t\t\t\t\t<\/div>\n\t\t<\/div>\n\t\t\t\t<div class=\"elementor-column elementor-col-33 elementor-inner-column elementor-element elementor-element-3f230d6\" data-id=\"3f230d6\" data-element_type=\"column\" data-e-type=\"column\">\n\t\t\t<div class=\"elementor-widget-wrap elementor-element-populated\">\n\t\t\t\t\t\t<div class=\"elementor-element elementor-element-2aebde5 elementor-widget elementor-widget-text-editor\" data-id=\"2aebde5\" data-element_type=\"widget\" data-e-type=\"widget\" data-widget_type=\"text-editor.default\">\n\t\t\t\t<div class=\"elementor-widget-container\">\n\t\t\t\t\t\t\t\t\t<p><strong>Metzgerei Michael Buck<\/strong><br \/>Inh. Michael Buck<br \/>Hauptstr. 29<br \/>71723 Gro\u00dfbottwar<br \/>Tel.\u00a0<a href=\"tel:07148\/1328\" target=\"_blank\" rel=\"noopener\">07148\/1328<\/a><\/p>\t\t\t\t\t\t\t\t<\/div>\n\t\t\t\t<\/div>\n\t\t\t\t\t<\/div>\n\t\t<\/div>\n\t\t\t\t<div class=\"elementor-column elementor-col-33 elementor-inner-column elementor-element elementor-element-bc74d35\" data-id=\"bc74d35\" data-element_type=\"column\" data-e-type=\"column\">\n\t\t\t<div class=\"elementor-widget-wrap elementor-element-populated\">\n\t\t\t\t\t\t<div class=\"elementor-element elementor-element-4c189fb elementor-widget elementor-widget-text-editor\" data-id=\"4c189fb\" data-element_type=\"widget\" data-e-type=\"widget\" data-widget_type=\"text-editor.default\">\n\t\t\t\t<div class=\"elementor-widget-container\">\n\t\t\t\t\t\t\t\t\t<p><a href=\"https:\/\/www.landmetzgerei-eberhard.de\/\"><strong>Landmetzgerei Eberhard<\/strong><\/a><br \/>Inh. Harald Haagen<br \/>Vordere Str. 4\/1<br \/>71263 Weil der Stadt &#8211; Merklingen<br \/>Tel.\u00a0<a href=\"tel:07033\/31508\" target=\"_blank\" rel=\"noopener\">07033\/31508<\/a><\/p>\t\t\t\t\t\t\t\t<\/div>\n\t\t\t\t<\/div>\n\t\t\t\t\t<\/div>\n\t\t<\/div>\n\t\t\t\t\t<\/div>\n\t\t<\/section>\n\t\t\t\t<section class=\"elementor-section elementor-inner-section elementor-element elementor-element-afc884b elementor-section-boxed elementor-section-height-default elementor-section-height-default\" data-id=\"afc884b\" data-element_type=\"section\" data-e-type=\"section\" data-settings=\"{&quot;background_background&quot;:&quot;classic&quot;}\">\n\t\t\t\t\t\t<div class=\"elementor-container elementor-column-gap-default\">\n\t\t\t\t\t<div class=\"elementor-column elementor-col-100 elementor-inner-column elementor-element elementor-element-2bec219\" data-id=\"2bec219\" data-element_type=\"column\" data-e-type=\"column\">\n\t\t\t<div class=\"elementor-widget-wrap\">\n\t\t\t\t\t\t\t<\/div>\n\t\t<\/div>\n\t\t\t\t\t<\/div>\n\t\t<\/section>\n\t\t\t\t<section class=\"elementor-section elementor-inner-section elementor-element elementor-element-633e95c elementor-section-boxed elementor-section-height-default elementor-section-height-default\" data-id=\"633e95c\" data-element_type=\"section\" data-e-type=\"section\" data-settings=\"{&quot;background_background&quot;:&quot;classic&quot;}\">\n\t\t\t\t\t\t<div class=\"elementor-container elementor-column-gap-default\">\n\t\t\t\t\t<div class=\"elementor-column elementor-col-33 elementor-inner-column elementor-element elementor-element-2a9670c\" data-id=\"2a9670c\" data-element_type=\"column\" data-e-type=\"column\">\n\t\t\t<div class=\"elementor-widget-wrap elementor-element-populated\">\n\t\t\t\t\t\t<div class=\"elementor-element elementor-element-29b1e8c elementor-widget elementor-widget-text-editor\" data-id=\"29b1e8c\" data-element_type=\"widget\" data-e-type=\"widget\" data-widget_type=\"text-editor.default\">\n\t\t\t\t<div class=\"elementor-widget-container\">\n\t\t\t\t\t\t\t\t\t<p><a href=\"https:\/\/www.metzgerei-eisenhardt.de\/\"><strong>Metzgerei Eisenhardt<\/strong><\/a><br \/>Inh. Thomas Eisenhardt <br \/>Calwer Str. 11<br \/>71272 Renningen-Malmsheim<br \/>Tel.\u00a0<a href=\"tel:07159\/3854\" target=\"_blank\" rel=\"noopener\">07159\/3854<\/a><\/p>\t\t\t\t\t\t\t\t<\/div>\n\t\t\t\t<\/div>\n\t\t\t\t\t<\/div>\n\t\t<\/div>\n\t\t\t\t<div class=\"elementor-column elementor-col-33 elementor-inner-column elementor-element elementor-element-1d49ca3\" data-id=\"1d49ca3\" data-element_type=\"column\" data-e-type=\"column\">\n\t\t\t<div class=\"elementor-widget-wrap elementor-element-populated\">\n\t\t\t\t\t\t<div class=\"elementor-element elementor-element-7a3bda9 elementor-widget elementor-widget-text-editor\" data-id=\"7a3bda9\" data-element_type=\"widget\" data-e-type=\"widget\" data-widget_type=\"text-editor.default\">\n\t\t\t\t<div class=\"elementor-widget-container\">\n\t\t\t\t\t\t\t\t\t<p><a href=\"https:\/\/www.baeren-marbach.de\/\"><strong>Hotel B\u00e4ren Metzgerei Ellinger-Kugler<\/strong><\/a><br \/>Inh. Laura Pfannkuch<br \/>Marktstra\u00dfe 21<br \/>71672 Marbach am Neckar<br \/>Tel.\u00a0<a href=\"tel:07144\/5455\" target=\"_blank\" rel=\"noopener\">07144\/5455<\/a><\/p>\t\t\t\t\t\t\t\t<\/div>\n\t\t\t\t<\/div>\n\t\t\t\t\t<\/div>\n\t\t<\/div>\n\t\t\t\t<div class=\"elementor-column elementor-col-33 elementor-inner-column elementor-element elementor-element-48bae85\" data-id=\"48bae85\" data-element_type=\"column\" data-e-type=\"column\">\n\t\t\t<div class=\"elementor-widget-wrap elementor-element-populated\">\n\t\t\t\t\t\t<div class=\"elementor-element elementor-element-cb33fbf elementor-widget elementor-widget-text-editor\" data-id=\"cb33fbf\" data-element_type=\"widget\" data-e-type=\"widget\" data-widget_type=\"text-editor.default\">\n\t\t\t\t<div class=\"elementor-widget-container\">\n\t\t\t\t\t\t\t\t\t<p><strong>Metzgerei Eink\u00f6rn u. Gasthaus Rose<br \/><\/strong>Inh. Andrea Weible<br \/>Pflaster 4<br \/>74379 Ingersheim<br \/>Tel.\u00a0<a href=\"tel:07142\/64201\" target=\"_blank\" rel=\"noopener\">07142\/64201<\/a><\/p>\t\t\t\t\t\t\t\t<\/div>\n\t\t\t\t<\/div>\n\t\t\t\t\t<\/div>\n\t\t<\/div>\n\t\t\t\t\t<\/div>\n\t\t<\/section>\n\t\t\t\t\t<\/div>\n\t\t<\/div>\n\t\t\t\t\t<\/div>\n\t\t<\/section>\n\t\t\t\t<section class=\"elementor-section elementor-top-section elementor-element elementor-element-6c01520 elementor-section-boxed elementor-section-height-default elementor-section-height-default\" data-id=\"6c01520\" data-element_type=\"section\" data-e-type=\"section\">\n\t\t\t\t\t\t<div class=\"elementor-container elementor-column-gap-default\">\n\t\t\t\t\t<div class=\"elementor-column elementor-col-100 elementor-top-column elementor-element elementor-element-e6226ba\" data-id=\"e6226ba\" data-element_type=\"column\" data-e-type=\"column\">\n\t\t\t<div class=\"elementor-widget-wrap elementor-element-populated\">\n\t\t\t\t\t\t<section class=\"elementor-section elementor-inner-section elementor-element elementor-element-04f9d17 elementor-section-boxed elementor-section-height-default elementor-section-height-default\" data-id=\"04f9d17\" data-element_type=\"section\" data-e-type=\"section\" data-settings=\"{&quot;background_background&quot;:&quot;classic&quot;}\">\n\t\t\t\t\t\t<div class=\"elementor-container elementor-column-gap-default\">\n\t\t\t\t\t<div class=\"elementor-column elementor-col-33 elementor-inner-column elementor-element elementor-element-ab53989\" data-id=\"ab53989\" data-element_type=\"column\" data-e-type=\"column\">\n\t\t\t<div class=\"elementor-widget-wrap elementor-element-populated\">\n\t\t\t\t\t\t<div class=\"elementor-element elementor-element-5dc8a3e elementor-widget elementor-widget-text-editor\" data-id=\"5dc8a3e\" data-element_type=\"widget\" data-e-type=\"widget\" data-widget_type=\"text-editor.default\">\n\t\t\t\t<div class=\"elementor-widget-container\">\n\t\t\t\t\t\t\t\t\t<p><strong>Fleischmarkt G\u00e4rtringen GmbH<\/strong><br \/>Gesch\u00e4ftsf\u00fchrer: Josef Hecht <br \/>Riedbrunnenstr. 3<br \/>71116 G\u00e4rtringen<br \/>Tel.\u00a0<a href=\"tel:07034\/928330\" target=\"_blank\" rel=\"noopener\">07034\/928330<\/a><\/p>\t\t\t\t\t\t\t\t<\/div>\n\t\t\t\t<\/div>\n\t\t\t\t\t<\/div>\n\t\t<\/div>\n\t\t\t\t<div class=\"elementor-column elementor-col-33 elementor-inner-column elementor-element elementor-element-14cbb1c\" data-id=\"14cbb1c\" data-element_type=\"column\" data-e-type=\"column\">\n\t\t\t<div class=\"elementor-widget-wrap elementor-element-populated\">\n\t\t\t\t\t\t<div class=\"elementor-element elementor-element-972625b elementor-widget elementor-widget-text-editor\" data-id=\"972625b\" data-element_type=\"widget\" data-e-type=\"widget\" data-widget_type=\"text-editor.default\">\n\t\t\t\t<div class=\"elementor-widget-container\">\n\t\t\t\t\t\t\t\t\t<p><a href=\"https:\/\/www.metzgerei-flurer.de\/\"><strong>Metzgerei Flurer GbR<\/strong><\/a><br \/>Inh. Roland Flurer <br \/>Rieter Stra\u00dfe 26<br \/>71665 Vaihingen-Enz<br \/>Tel.\u00a0<a href=\"tel:07042\/14706\" target=\"_blank\" rel=\"noopener\">07042\/14706<\/a><\/p>\t\t\t\t\t\t\t\t<\/div>\n\t\t\t\t<\/div>\n\t\t\t\t\t<\/div>\n\t\t<\/div>\n\t\t\t\t<div class=\"elementor-column elementor-col-33 elementor-inner-column elementor-element elementor-element-0c4e991\" data-id=\"0c4e991\" data-element_type=\"column\" data-e-type=\"column\">\n\t\t\t<div class=\"elementor-widget-wrap elementor-element-populated\">\n\t\t\t\t\t\t<div class=\"elementor-element elementor-element-74e0375 elementor-widget elementor-widget-text-editor\" data-id=\"74e0375\" data-element_type=\"widget\" data-e-type=\"widget\" data-widget_type=\"text-editor.default\">\n\t\t\t\t<div class=\"elementor-widget-container\">\n\t\t\t\t\t\t\t\t\t<p><a href=\"https:\/\/metzgerei-geiser.de\/\"><strong>Metzgerei Axel Geiser GmbH<\/strong><\/a><br \/>Inh. Stefanie Blum<br \/>Schulstr. 4<br \/>71093 Weil im Sch\u00f6nbuch<br \/>Tel.\u00a0<a href=\"tel:07157\/62301\" target=\"_blank\" rel=\"noopener\">07157\/62301<\/a><\/p><p><strong>Filiale:<\/strong><br \/>B\u00f6blinger Str. 4<br \/>71101 Sch\u00f6naich<br \/>Tel.\u00a0<a href=\"tel:07031\/7356115\" target=\"_blank\" rel=\"noopener\">07031\/7356115<\/a><\/p>\t\t\t\t\t\t\t\t<\/div>\n\t\t\t\t<\/div>\n\t\t\t\t\t<\/div>\n\t\t<\/div>\n\t\t\t\t\t<\/div>\n\t\t<\/section>\n\t\t\t\t<section class=\"elementor-section elementor-inner-section elementor-element elementor-element-eb3475f elementor-section-boxed elementor-section-height-default elementor-section-height-default\" data-id=\"eb3475f\" data-element_type=\"section\" data-e-type=\"section\" data-settings=\"{&quot;background_background&quot;:&quot;classic&quot;}\">\n\t\t\t\t\t\t<div class=\"elementor-container elementor-column-gap-default\">\n\t\t\t\t\t<div class=\"elementor-column elementor-col-100 elementor-inner-column elementor-element elementor-element-9ee1680\" data-id=\"9ee1680\" data-element_type=\"column\" data-e-type=\"column\">\n\t\t\t<div class=\"elementor-widget-wrap\">\n\t\t\t\t\t\t\t<\/div>\n\t\t<\/div>\n\t\t\t\t\t<\/div>\n\t\t<\/section>\n\t\t\t\t<section class=\"elementor-section elementor-inner-section elementor-element elementor-element-512f5a4 elementor-section-boxed elementor-section-height-default elementor-section-height-default\" data-id=\"512f5a4\" data-element_type=\"section\" data-e-type=\"section\" data-settings=\"{&quot;background_background&quot;:&quot;classic&quot;}\">\n\t\t\t\t\t\t<div class=\"elementor-container elementor-column-gap-default\">\n\t\t\t\t\t<div class=\"elementor-column elementor-col-33 elementor-inner-column elementor-element elementor-element-af0e88c\" data-id=\"af0e88c\" data-element_type=\"column\" data-e-type=\"column\">\n\t\t\t<div class=\"elementor-widget-wrap elementor-element-populated\">\n\t\t\t\t\t\t<div class=\"elementor-element elementor-element-c63ab07 elementor-widget elementor-widget-text-editor\" data-id=\"c63ab07\" data-element_type=\"widget\" data-e-type=\"widget\" data-widget_type=\"text-editor.default\">\n\t\t\t\t<div class=\"elementor-widget-container\">\n\t\t\t\t\t\t\t\t\t<p><a href=\"https:\/\/www.glasbrenner-gmbh.de\/\"><strong>Metzgerei Glasbrenner GmbH<\/strong><\/a><br \/>Inh. Renate Blum, Joachim Glasbrenner <br \/>Auf dem Graben 32<br \/>71111 Waldenbuch<br \/>Tel.\u00a0<a href=\"tel:07157\/88160\" target=\"_blank\" rel=\"noopener\">07157\/88160<\/a><\/p><p><strong>Filiale:<\/strong><br \/>Liebenaustr. 40<br \/>71111 Waldenbuch<br \/>Tel.\u00a0<a href=\"tel:07157\/27768\" target=\"_blank\" rel=\"noopener\">07157\/27768<\/a><\/p>\t\t\t\t\t\t\t\t<\/div>\n\t\t\t\t<\/div>\n\t\t\t\t\t<\/div>\n\t\t<\/div>\n\t\t\t\t<div class=\"elementor-column elementor-col-33 elementor-inner-column elementor-element elementor-element-79d89c2\" data-id=\"79d89c2\" data-element_type=\"column\" data-e-type=\"column\">\n\t\t\t<div class=\"elementor-widget-wrap elementor-element-populated\">\n\t\t\t\t\t\t<div class=\"elementor-element elementor-element-8aebc26 elementor-widget elementor-widget-text-editor\" data-id=\"8aebc26\" data-element_type=\"widget\" data-e-type=\"widget\" data-widget_type=\"text-editor.default\">\n\t\t\t\t<div class=\"elementor-widget-container\">\n\t\t\t\t\t\t\t\t\t<p><a href=\"https:\/\/metzgerei-hack-hoheneck.de\/\"><strong>Metzgerei Hack<\/strong><\/a><br \/>Inh. Klaus Hack <br \/>Lichtenbergstra\u00dfe 1<br \/>71642 Ludwigsburg<br \/>Tel.\u00a0<a href=\"tel:07141\/55874\" target=\"_blank\" rel=\"noopener\">07141\/55874<\/a><\/p>\t\t\t\t\t\t\t\t<\/div>\n\t\t\t\t<\/div>\n\t\t\t\t\t<\/div>\n\t\t<\/div>\n\t\t\t\t<div class=\"elementor-column elementor-col-33 elementor-inner-column elementor-element elementor-element-c620026\" data-id=\"c620026\" data-element_type=\"column\" data-e-type=\"column\">\n\t\t\t<div class=\"elementor-widget-wrap elementor-element-populated\">\n\t\t\t\t\t\t<div class=\"elementor-element elementor-element-eeb5a74 elementor-widget elementor-widget-text-editor\" data-id=\"eeb5a74\" data-element_type=\"widget\" data-e-type=\"widget\" data-widget_type=\"text-editor.default\">\n\t\t\t\t<div class=\"elementor-widget-container\">\n\t\t\t\t\t\t\t\t\t<p><a href=\"https:\/\/metzgerei-haecker.de\/\"><strong>Metzgerei H\u00e4cker<\/strong><\/a><br \/>Inh. Oliver H\u00e4cker <br \/>Hauptstra\u00dfe 26<br \/>74343 Sachsenheim<br \/>Tel.\u00a0<a href=\"tel:07147\/8261\" target=\"_blank\" rel=\"noopener\">07147\/8261<\/a><\/p>\t\t\t\t\t\t\t\t<\/div>\n\t\t\t\t<\/div>\n\t\t\t\t\t<\/div>\n\t\t<\/div>\n\t\t\t\t\t<\/div>\n\t\t<\/section>\n\t\t\t\t\t<\/div>\n\t\t<\/div>\n\t\t\t\t\t<\/div>\n\t\t<\/section>\n\t\t\t\t<section class=\"elementor-section elementor-top-section elementor-element elementor-element-b78873a elementor-section-boxed elementor-section-height-default elementor-section-height-default\" data-id=\"b78873a\" data-element_type=\"section\" data-e-type=\"section\">\n\t\t\t\t\t\t<div class=\"elementor-container elementor-column-gap-default\">\n\t\t\t\t\t<div class=\"elementor-column elementor-col-100 elementor-top-column elementor-element elementor-element-d700011\" data-id=\"d700011\" data-element_type=\"column\" data-e-type=\"column\">\n\t\t\t<div class=\"elementor-widget-wrap elementor-element-populated\">\n\t\t\t\t\t\t<section class=\"elementor-section elementor-inner-section elementor-element elementor-element-c0e3edf elementor-section-boxed elementor-section-height-default elementor-section-height-default\" data-id=\"c0e3edf\" data-element_type=\"section\" data-e-type=\"section\" data-settings=\"{&quot;background_background&quot;:&quot;classic&quot;}\">\n\t\t\t\t\t\t<div class=\"elementor-container elementor-column-gap-default\">\n\t\t\t\t\t<div class=\"elementor-column elementor-col-33 elementor-inner-column elementor-element elementor-element-b07a3f4\" data-id=\"b07a3f4\" data-element_type=\"column\" data-e-type=\"column\">\n\t\t\t<div class=\"elementor-widget-wrap elementor-element-populated\">\n\t\t\t\t\t\t<div class=\"elementor-element elementor-element-d64a854 elementor-widget elementor-widget-text-editor\" data-id=\"d64a854\" data-element_type=\"widget\" data-e-type=\"widget\" data-widget_type=\"text-editor.default\">\n\t\t\t\t<div class=\"elementor-widget-container\">\n\t\t\t\t\t\t\t\t\t<p><a href=\"https:\/\/www.haehnle-fleischfaktum.de\/\"><strong>Metzgerei + Partyservice<br \/>Manfred H\u00e4hnle<\/strong><\/a><br \/>Inh. Manfred H\u00e4hnle <br \/>Breite Gasse 11<br \/>71032 B\u00f6blingen<br \/>Tel.\u00a0<a href=\"tel:07031\/227169\" target=\"_blank\" rel=\"noopener\">07031\/227169<\/a><\/p><p><strong>Filiale:<br \/><\/strong>Bachstr. 28<br \/>71155 Altdorf<br \/>Tel. <a href=\"tel:07031\/6856966\" target=\"_blank\" rel=\"noopener\">07031\/6856966<\/a><\/p>\t\t\t\t\t\t\t\t<\/div>\n\t\t\t\t<\/div>\n\t\t\t\t\t<\/div>\n\t\t<\/div>\n\t\t\t\t<div class=\"elementor-column elementor-col-33 elementor-inner-column elementor-element elementor-element-b08fa5a\" data-id=\"b08fa5a\" data-element_type=\"column\" data-e-type=\"column\">\n\t\t\t<div class=\"elementor-widget-wrap elementor-element-populated\">\n\t\t\t\t\t\t<div class=\"elementor-element elementor-element-a9da0f9 elementor-widget elementor-widget-text-editor\" data-id=\"a9da0f9\" data-element_type=\"widget\" data-e-type=\"widget\" data-widget_type=\"text-editor.default\">\n\t\t\t\t<div class=\"elementor-widget-container\">\n\t\t\t\t\t\t\t\t\t<p><a href=\"https:\/\/metzgerei-heinkele.de\/\"><strong>Metzgerei Heinkele GbR<\/strong><\/a><br \/>Inh. Christoph &amp; Dominik Heinkele <br \/>D\u00f6ffinger Str. 84<br \/>71120 Grafenau-D\u00e4tzingen<br \/>Tel.\u00a0<a href=\"tel:07033\/43235\" target=\"_blank\" rel=\"noopener\">07033\/43235<\/a><\/p><p><strong>Filiale:<\/strong><br \/>Pforzheimer Str. 20 <br \/>71263 Weil der Stadt<br \/>Tel. <a href=\"tel:07033\/130049\" target=\"_blank\" rel=\"noopener\">07033\/130049<\/a><\/p>\t\t\t\t\t\t\t\t<\/div>\n\t\t\t\t<\/div>\n\t\t\t\t\t<\/div>\n\t\t<\/div>\n\t\t\t\t<div class=\"elementor-column elementor-col-33 elementor-inner-column elementor-element elementor-element-9ccb3b0\" data-id=\"9ccb3b0\" data-element_type=\"column\" data-e-type=\"column\">\n\t\t\t<div class=\"elementor-widget-wrap elementor-element-populated\">\n\t\t\t\t\t\t<div class=\"elementor-element elementor-element-0861867 elementor-widget elementor-widget-text-editor\" data-id=\"0861867\" data-element_type=\"widget\" data-e-type=\"widget\" data-widget_type=\"text-editor.default\">\n\t\t\t\t<div class=\"elementor-widget-container\">\n\t\t\t\t\t\t\t\t\t<p><a href=\"https:\/\/www.metzgerei-herbst.de\/\"><strong>Metzgerei Herbst GbR<\/strong><\/a><br \/>Inh. Ulrich &amp; Wolfgang Herbst <br \/>Hauptstr. 31<br \/>74354 Besigheim<br \/>Tel.\u00a0<a href=\"tel:07143\/32808\" target=\"_blank\" rel=\"noopener\">07143\/32808<\/a><\/p>\t\t\t\t\t\t\t\t<\/div>\n\t\t\t\t<\/div>\n\t\t\t\t\t<\/div>\n\t\t<\/div>\n\t\t\t\t\t<\/div>\n\t\t<\/section>\n\t\t\t\t<section class=\"elementor-section elementor-inner-section elementor-element elementor-element-4be7bbb elementor-section-boxed elementor-section-height-default elementor-section-height-default\" data-id=\"4be7bbb\" data-element_type=\"section\" data-e-type=\"section\" data-settings=\"{&quot;background_background&quot;:&quot;classic&quot;}\">\n\t\t\t\t\t\t<div class=\"elementor-container elementor-column-gap-default\">\n\t\t\t\t\t<div class=\"elementor-column elementor-col-100 elementor-inner-column elementor-element elementor-element-2f1d4ad\" data-id=\"2f1d4ad\" data-element_type=\"column\" data-e-type=\"column\">\n\t\t\t<div class=\"elementor-widget-wrap\">\n\t\t\t\t\t\t\t<\/div>\n\t\t<\/div>\n\t\t\t\t\t<\/div>\n\t\t<\/section>\n\t\t\t\t<section class=\"elementor-section elementor-inner-section elementor-element elementor-element-4afef45 elementor-section-boxed elementor-section-height-default elementor-section-height-default\" data-id=\"4afef45\" data-element_type=\"section\" data-e-type=\"section\" data-settings=\"{&quot;background_background&quot;:&quot;classic&quot;}\">\n\t\t\t\t\t\t<div class=\"elementor-container elementor-column-gap-default\">\n\t\t\t\t\t<div class=\"elementor-column elementor-col-33 elementor-inner-column elementor-element elementor-element-1b352af\" data-id=\"1b352af\" data-element_type=\"column\" data-e-type=\"column\">\n\t\t\t<div class=\"elementor-widget-wrap elementor-element-populated\">\n\t\t\t\t\t\t<div class=\"elementor-element elementor-element-6645d26 elementor-widget elementor-widget-text-editor\" data-id=\"6645d26\" data-element_type=\"widget\" data-e-type=\"widget\" data-widget_type=\"text-editor.default\">\n\t\t\t\t<div class=\"elementor-widget-container\">\n\t\t\t\t\t\t\t\t\t<p><a href=\"https:\/\/www.metzger-hess.de\/\"><strong>Metzgerei Roland Hess<\/strong><\/a><br \/>Inh. Roland Hess <br \/>Pforzheimer Str. 12-14<br \/>71229 Leonberg-H\u00f6fingen<br \/>Tel.\u00a0<a href=\"tel:07152\/26469\" target=\"_blank\" rel=\"noopener\">07152\/26469<\/a><\/p>\t\t\t\t\t\t\t\t<\/div>\n\t\t\t\t<\/div>\n\t\t\t\t\t<\/div>\n\t\t<\/div>\n\t\t\t\t<div class=\"elementor-column elementor-col-33 elementor-inner-column elementor-element elementor-element-717f321\" data-id=\"717f321\" data-element_type=\"column\" data-e-type=\"column\">\n\t\t\t<div class=\"elementor-widget-wrap elementor-element-populated\">\n\t\t\t\t\t\t<div class=\"elementor-element elementor-element-0bf4e03 elementor-widget elementor-widget-text-editor\" data-id=\"0bf4e03\" data-element_type=\"widget\" data-e-type=\"widget\" data-widget_type=\"text-editor.default\">\n\t\t\t\t<div class=\"elementor-widget-container\">\n\t\t\t\t\t\t\t\t\t<p><a href=\"https:\/\/www.metzgerei-kegreiss.de\/\"><strong>Metzgerei Wilhelm Kegrei\u00df GmbH<\/strong><\/a><br \/>Inh. Thomas Kegrei\u00df <br \/>Kappstr. 4<br \/>71083 Herrenberg-G\u00fcltstein<br \/>Tel.\u00a0<a href=\"tel:07032\/71975\" target=\"_blank\" rel=\"noopener\">07032\/71975<\/a><\/p><p><strong>Filiale:<\/strong><br \/>Hauptstr. 5-7 <br \/>71116 G\u00e4rtringen<br \/>Tel. <a href=\"tel:07034\/279901\" target=\"_blank\" rel=\"noopener\">07034\/279901<\/a><\/p>\t\t\t\t\t\t\t\t<\/div>\n\t\t\t\t<\/div>\n\t\t\t\t\t<\/div>\n\t\t<\/div>\n\t\t\t\t<div class=\"elementor-column elementor-col-33 elementor-inner-column elementor-element elementor-element-e90c952\" data-id=\"e90c952\" data-element_type=\"column\" data-e-type=\"column\">\n\t\t\t<div class=\"elementor-widget-wrap elementor-element-populated\">\n\t\t\t\t\t\t<div class=\"elementor-element elementor-element-4185714 elementor-widget elementor-widget-text-editor\" data-id=\"4185714\" data-element_type=\"widget\" data-e-type=\"widget\" data-widget_type=\"text-editor.default\">\n\t\t\t\t<div class=\"elementor-widget-container\">\n\t\t\t\t\t\t\t\t\t<p><strong>Metzgerei Kicherer<\/strong><br \/>Inh. Georg Kicherer <br \/>Carl-Schmincke-Str. 25<br \/>71229 Leonberg-Eltingen<br \/>Tel.\u00a0<a href=\"tel:07152\/47782\" target=\"_blank\" rel=\"noopener\">07152\/47782<\/a><\/p>\t\t\t\t\t\t\t\t<\/div>\n\t\t\t\t<\/div>\n\t\t\t\t\t<\/div>\n\t\t<\/div>\n\t\t\t\t\t<\/div>\n\t\t<\/section>\n\t\t\t\t\t<\/div>\n\t\t<\/div>\n\t\t\t\t\t<\/div>\n\t\t<\/section>\n\t\t\t\t<section class=\"elementor-section elementor-top-section elementor-element elementor-element-a6e839a elementor-section-boxed elementor-section-height-default elementor-section-height-default\" data-id=\"a6e839a\" data-element_type=\"section\" data-e-type=\"section\">\n\t\t\t\t\t\t<div class=\"elementor-container elementor-column-gap-default\">\n\t\t\t\t\t<div class=\"elementor-column elementor-col-100 elementor-top-column elementor-element elementor-element-18208a4\" data-id=\"18208a4\" data-element_type=\"column\" data-e-type=\"column\">\n\t\t\t<div class=\"elementor-widget-wrap elementor-element-populated\">\n\t\t\t\t\t\t<section class=\"elementor-section elementor-inner-section elementor-element elementor-element-31e7796 elementor-section-boxed elementor-section-height-default elementor-section-height-default\" data-id=\"31e7796\" data-element_type=\"section\" data-e-type=\"section\" data-settings=\"{&quot;background_background&quot;:&quot;classic&quot;}\">\n\t\t\t\t\t\t<div class=\"elementor-container elementor-column-gap-default\">\n\t\t\t\t\t<div class=\"elementor-column elementor-col-33 elementor-inner-column elementor-element elementor-element-aa6ea70\" data-id=\"aa6ea70\" data-element_type=\"column\" data-e-type=\"column\">\n\t\t\t<div class=\"elementor-widget-wrap elementor-element-populated\">\n\t\t\t\t\t\t<div class=\"elementor-element elementor-element-1bf7570 elementor-widget elementor-widget-text-editor\" data-id=\"1bf7570\" data-element_type=\"widget\" data-e-type=\"widget\" data-widget_type=\"text-editor.default\">\n\t\t\t\t<div class=\"elementor-widget-container\">\n\t\t\t\t\t\t\t\t\t<p><strong>Metzgerei Klein<\/strong><br \/>Inh. Philipp St\u00e4bler<br \/>Hauptstr. 78<br \/>71093 Weil im Sch\u00f6nbuch<br \/>Tel.\u00a0<a href=\"tel:07157\/61162\" target=\"_blank\" rel=\"noopener\">07157\/61162<\/a><\/p>\t\t\t\t\t\t\t\t<\/div>\n\t\t\t\t<\/div>\n\t\t\t\t\t<\/div>\n\t\t<\/div>\n\t\t\t\t<div class=\"elementor-column elementor-col-33 elementor-inner-column elementor-element elementor-element-30ec750\" data-id=\"30ec750\" data-element_type=\"column\" data-e-type=\"column\">\n\t\t\t<div class=\"elementor-widget-wrap elementor-element-populated\">\n\t\t\t\t\t\t<div class=\"elementor-element elementor-element-6f88c08 elementor-widget elementor-widget-text-editor\" data-id=\"6f88c08\" data-element_type=\"widget\" data-e-type=\"widget\" data-widget_type=\"text-editor.default\">\n\t\t\t\t<div class=\"elementor-widget-container\">\n\t\t\t\t\t\t\t\t\t<p><a href=\"https:\/\/www.metzgerei-klein.de\/\"><strong>Metzgerei Walter Klein GbR<\/strong><\/a><br \/>Inh. Wolfgang Klein <br \/>Mittlere Str. 29<br \/>71254 Ditzingen<br \/>Tel.\u00a0<a href=\"tel:07156\/6450\" target=\"_blank\" rel=\"noopener\">07156\/6450<\/a><\/p>\t\t\t\t\t\t\t\t<\/div>\n\t\t\t\t<\/div>\n\t\t\t\t\t<\/div>\n\t\t<\/div>\n\t\t\t\t<div class=\"elementor-column elementor-col-33 elementor-inner-column elementor-element elementor-element-6857e06\" data-id=\"6857e06\" data-element_type=\"column\" data-e-type=\"column\">\n\t\t\t<div class=\"elementor-widget-wrap elementor-element-populated\">\n\t\t\t\t\t\t<div class=\"elementor-element elementor-element-73bcd6e elementor-widget elementor-widget-text-editor\" data-id=\"73bcd6e\" data-element_type=\"widget\" data-e-type=\"widget\" data-widget_type=\"text-editor.default\">\n\t\t\t\t<div class=\"elementor-widget-container\">\n\t\t\t\t\t\t\t\t\t<p><a href=\"https:\/\/metzgerei-klink.de\/\"><strong>Metzgerei Klink GmbH<\/strong><\/a><br \/>Inh. Simon Klink <br \/>Heilbergstr. 9<br \/>71131 Jettingen-Oberjettingen<br \/>Tel.\u00a0<a href=\"tel:07452\/75167\" target=\"_blank\" rel=\"noopener\">07452\/75167<\/a><\/p><p><strong>Filialen:<\/strong><br \/>Beihinger Str. 6 <br \/>72221 Haiterbach<br \/>Tel. <a href=\"tel:07456\/303\" target=\"_blank\" rel=\"noopener\">07456\/303<\/a><\/p><p>Marktstra\u00dfe 9<br \/>72202 Nagold<br \/>Tel. <a href=\"tel:07452\/8848415\" target=\"_blank\" rel=\"noopener\">07452\/8848415<\/a><\/p>\t\t\t\t\t\t\t\t<\/div>\n\t\t\t\t<\/div>\n\t\t\t\t\t<\/div>\n\t\t<\/div>\n\t\t\t\t\t<\/div>\n\t\t<\/section>\n\t\t\t\t<section class=\"elementor-section elementor-inner-section elementor-element elementor-element-e3feb5f elementor-section-boxed elementor-section-height-default elementor-section-height-default\" data-id=\"e3feb5f\" data-element_type=\"section\" data-e-type=\"section\" data-settings=\"{&quot;background_background&quot;:&quot;classic&quot;}\">\n\t\t\t\t\t\t<div class=\"elementor-container elementor-column-gap-default\">\n\t\t\t\t\t<div class=\"elementor-column elementor-col-100 elementor-inner-column elementor-element elementor-element-dde5869\" data-id=\"dde5869\" data-element_type=\"column\" data-e-type=\"column\">\n\t\t\t<div class=\"elementor-widget-wrap\">\n\t\t\t\t\t\t\t<\/div>\n\t\t<\/div>\n\t\t\t\t\t<\/div>\n\t\t<\/section>\n\t\t\t\t<section class=\"elementor-section elementor-inner-section elementor-element elementor-element-ccd32be elementor-section-boxed elementor-section-height-default elementor-section-height-default\" data-id=\"ccd32be\" data-element_type=\"section\" data-e-type=\"section\" data-settings=\"{&quot;background_background&quot;:&quot;classic&quot;}\">\n\t\t\t\t\t\t<div class=\"elementor-container elementor-column-gap-default\">\n\t\t\t\t\t<div class=\"elementor-column elementor-col-33 elementor-inner-column elementor-element elementor-element-8434df2\" data-id=\"8434df2\" data-element_type=\"column\" data-e-type=\"column\">\n\t\t\t<div class=\"elementor-widget-wrap elementor-element-populated\">\n\t\t\t\t\t\t<div class=\"elementor-element elementor-element-fe9c516 elementor-widget elementor-widget-text-editor\" data-id=\"fe9c516\" data-element_type=\"widget\" data-e-type=\"widget\" data-widget_type=\"text-editor.default\">\n\t\t\t\t<div class=\"elementor-widget-container\">\n\t\t\t\t\t\t\t\t\t<p><a href=\"https:\/\/metzgereikohler.de\/\"><strong>Metzgerei Kohler<\/strong><\/a><br \/>Inh. Martin Kohler<br \/>Lammstra\u00dfe 1<br \/>71272 Renningen<br \/>Tel.\u00a0<a href=\"tel:07159\/902085\" target=\"_blank\" rel=\"noopener\">07159\/902085<\/a><\/p>\t\t\t\t\t\t\t\t<\/div>\n\t\t\t\t<\/div>\n\t\t\t\t\t<\/div>\n\t\t<\/div>\n\t\t\t\t<div class=\"elementor-column elementor-col-33 elementor-inner-column elementor-element elementor-element-ddd2494\" data-id=\"ddd2494\" data-element_type=\"column\" data-e-type=\"column\">\n\t\t\t<div class=\"elementor-widget-wrap elementor-element-populated\">\n\t\t\t\t\t\t<div class=\"elementor-element elementor-element-e9f0979 elementor-widget elementor-widget-text-editor\" data-id=\"e9f0979\" data-element_type=\"widget\" data-e-type=\"widget\" data-widget_type=\"text-editor.default\">\n\t\t\t\t<div class=\"elementor-widget-container\">\n\t\t\t\t\t\t\t\t\t<p><strong>Wild- &amp; Pferdemetzgerei Kohler<\/strong><br \/>Inh. Enrico Pauciullo<br \/>In der Laute 19<br \/>71665 Vaihingen an der Enz<br \/>Tel.\u00a0<a href=\"tel:07042\/21759\" target=\"_blank\" rel=\"noopener\">07042\/21759<\/a><\/p>\t\t\t\t\t\t\t\t<\/div>\n\t\t\t\t<\/div>\n\t\t\t\t\t<\/div>\n\t\t<\/div>\n\t\t\t\t<div class=\"elementor-column elementor-col-33 elementor-inner-column elementor-element elementor-element-05974e6\" data-id=\"05974e6\" data-element_type=\"column\" data-e-type=\"column\">\n\t\t\t<div class=\"elementor-widget-wrap elementor-element-populated\">\n\t\t\t\t\t\t<div class=\"elementor-element elementor-element-26f9239 elementor-widget elementor-widget-text-editor\" data-id=\"26f9239\" data-element_type=\"widget\" data-e-type=\"widget\" data-widget_type=\"text-editor.default\">\n\t\t\t\t<div class=\"elementor-widget-container\">\n\t\t\t\t\t\t\t\t\t<p><strong>Metzgerei Bernd K\u00f6nig<br \/><\/strong>Inh. Bernd K\u00f6nig <br \/>B\u00f6blinger Str. 2<br \/>71139 Ehningen<br \/>Tel.\u00a0<a href=\"tel:07034\/7535\" target=\"_blank\" rel=\"noopener\">07034\/7535<\/a><\/p>\t\t\t\t\t\t\t\t<\/div>\n\t\t\t\t<\/div>\n\t\t\t\t\t<\/div>\n\t\t<\/div>\n\t\t\t\t\t<\/div>\n\t\t<\/section>\n\t\t\t\t\t<\/div>\n\t\t<\/div>\n\t\t\t\t\t<\/div>\n\t\t<\/section>\n\t\t\t\t<section class=\"elementor-section elementor-top-section elementor-element elementor-element-9c79487 elementor-section-boxed elementor-section-height-default elementor-section-height-default\" data-id=\"9c79487\" data-element_type=\"section\" data-e-type=\"section\">\n\t\t\t\t\t\t<div class=\"elementor-container elementor-column-gap-default\">\n\t\t\t\t\t<div class=\"elementor-column elementor-col-100 elementor-top-column elementor-element elementor-element-e92564a\" data-id=\"e92564a\" data-element_type=\"column\" data-e-type=\"column\">\n\t\t\t<div class=\"elementor-widget-wrap elementor-element-populated\">\n\t\t\t\t\t\t<section class=\"elementor-section elementor-inner-section elementor-element elementor-element-b398def elementor-section-boxed elementor-section-height-default elementor-section-height-default\" data-id=\"b398def\" data-element_type=\"section\" data-e-type=\"section\" data-settings=\"{&quot;background_background&quot;:&quot;classic&quot;}\">\n\t\t\t\t\t\t<div class=\"elementor-container elementor-column-gap-default\">\n\t\t\t\t\t<div class=\"elementor-column elementor-col-33 elementor-inner-column elementor-element elementor-element-9127ab9\" data-id=\"9127ab9\" data-element_type=\"column\" data-e-type=\"column\">\n\t\t\t<div class=\"elementor-widget-wrap elementor-element-populated\">\n\t\t\t\t\t\t<div class=\"elementor-element elementor-element-ae09d11 elementor-widget elementor-widget-text-editor\" data-id=\"ae09d11\" data-element_type=\"widget\" data-e-type=\"widget\" data-widget_type=\"text-editor.default\">\n\t\t\t\t<div class=\"elementor-widget-container\">\n\t\t\t\t\t\t\t\t\t<p><a href=\"https:\/\/krautter-eventcatering.de\/\"><strong>Metzgerei Krautter GbR<\/strong><\/a><br \/>Inh. Christiane Kr\u00e4mer und Peter Krautter<br \/>Stuttgarter Stra\u00dfe 49<br \/>71665 Vaihingen an der Enz<br \/>Tel.\u00a0<a href=\"tel:07042\/17357\" target=\"_blank\" rel=\"noopener\">07042\/17357<\/a><\/p>\t\t\t\t\t\t\t\t<\/div>\n\t\t\t\t<\/div>\n\t\t\t\t\t<\/div>\n\t\t<\/div>\n\t\t\t\t<div class=\"elementor-column elementor-col-33 elementor-inner-column elementor-element elementor-element-330b9a1\" data-id=\"330b9a1\" data-element_type=\"column\" data-e-type=\"column\">\n\t\t\t<div class=\"elementor-widget-wrap elementor-element-populated\">\n\t\t\t\t\t\t<div class=\"elementor-element elementor-element-77e71fd elementor-widget elementor-widget-text-editor\" data-id=\"77e71fd\" data-element_type=\"widget\" data-e-type=\"widget\" data-widget_type=\"text-editor.default\">\n\t\t\t\t<div class=\"elementor-widget-container\">\n\t\t\t\t\t\t\t\t\t<p><a href=\"https:\/\/www.metzgerei-lemberger.de\/\"><strong>Metzgerei Lemberger<\/strong><\/a><br \/>Inh. Marianne Lemberger<br \/>Schorndorfer Stra\u00dfe 113<br \/>71638 Ludwigsburg<br \/>Tel.\u00a0<a href=\"tel:07141\/81419\" target=\"_blank\" rel=\"noopener\">07141\/81419<\/a><\/p>\t\t\t\t\t\t\t\t<\/div>\n\t\t\t\t<\/div>\n\t\t\t\t\t<\/div>\n\t\t<\/div>\n\t\t\t\t<div class=\"elementor-column elementor-col-33 elementor-inner-column elementor-element elementor-element-161948a\" data-id=\"161948a\" data-element_type=\"column\" data-e-type=\"column\">\n\t\t\t<div class=\"elementor-widget-wrap elementor-element-populated\">\n\t\t\t\t\t\t<div class=\"elementor-element elementor-element-d113196 elementor-widget elementor-widget-text-editor\" data-id=\"d113196\" data-element_type=\"widget\" data-e-type=\"widget\" data-widget_type=\"text-editor.default\">\n\t\t\t\t<div class=\"elementor-widget-container\">\n\t\t\t\t\t\t\t\t\t<p><a href=\"https:\/\/www.landmetzgerei-leutz.de\/\"><strong>Landmetzgerei Leutz GbR<\/strong><\/a><br \/>Inh. Andreas und Marc Leutz<br \/>Seestra\u00dfe 3-5<br \/>71254 Ditzingen<br \/>Tel.\u00a0<a href=\"tel:07156\/8278\" target=\"_blank\" rel=\"noopener\">07156\/8278<\/a><\/p>\t\t\t\t\t\t\t\t<\/div>\n\t\t\t\t<\/div>\n\t\t\t\t\t<\/div>\n\t\t<\/div>\n\t\t\t\t\t<\/div>\n\t\t<\/section>\n\t\t\t\t<section class=\"elementor-section elementor-inner-section elementor-element elementor-element-327d5de elementor-section-boxed elementor-section-height-default elementor-section-height-default\" data-id=\"327d5de\" data-element_type=\"section\" data-e-type=\"section\" data-settings=\"{&quot;background_background&quot;:&quot;classic&quot;}\">\n\t\t\t\t\t\t<div class=\"elementor-container elementor-column-gap-default\">\n\t\t\t\t\t<div class=\"elementor-column elementor-col-100 elementor-inner-column elementor-element elementor-element-09c3c3d\" data-id=\"09c3c3d\" data-element_type=\"column\" data-e-type=\"column\">\n\t\t\t<div class=\"elementor-widget-wrap\">\n\t\t\t\t\t\t\t<\/div>\n\t\t<\/div>\n\t\t\t\t\t<\/div>\n\t\t<\/section>\n\t\t\t\t<section class=\"elementor-section elementor-inner-section elementor-element elementor-element-1a1b5a4 elementor-section-boxed elementor-section-height-default elementor-section-height-default\" data-id=\"1a1b5a4\" data-element_type=\"section\" data-e-type=\"section\" data-settings=\"{&quot;background_background&quot;:&quot;classic&quot;}\">\n\t\t\t\t\t\t<div class=\"elementor-container elementor-column-gap-default\">\n\t\t\t\t\t<div class=\"elementor-column elementor-col-33 elementor-inner-column elementor-element elementor-element-b0474b4\" data-id=\"b0474b4\" data-element_type=\"column\" data-e-type=\"column\">\n\t\t\t<div class=\"elementor-widget-wrap elementor-element-populated\">\n\t\t\t\t\t\t<div class=\"elementor-element elementor-element-98e1ae6 elementor-widget elementor-widget-text-editor\" data-id=\"98e1ae6\" data-element_type=\"widget\" data-e-type=\"widget\" data-widget_type=\"text-editor.default\">\n\t\t\t\t<div class=\"elementor-widget-container\">\n\t\t\t\t\t\t\t\t\t<p><a href=\"https:\/\/metzgerei-lipp.de\/\"><strong>Metzgerei Lipp GmbH &amp; Co. KG<\/strong><\/a><br \/>Inh. Paul Lipp, Birgit Lipp, Josef Klau\u00dfner<br \/>Sindelfinger Str. 5<br \/>71069 Sindelfingen-Maichingen<br \/>Tel.\u00a0<a href=\"tel:07031\/804913\" target=\"_blank\" rel=\"noopener\">07031\/804913<\/a><\/p><p><strong>Filiale:<\/strong><br \/>Talstr. 61 <br \/>71069 Sindelfingen-Maichingen<br \/>Tel. <a href=\"tel:07031\/414184\" target=\"_blank\" rel=\"noopener\">07031\/414184<\/a><\/p>\t\t\t\t\t\t\t\t<\/div>\n\t\t\t\t<\/div>\n\t\t\t\t\t<\/div>\n\t\t<\/div>\n\t\t\t\t<div class=\"elementor-column elementor-col-33 elementor-inner-column elementor-element elementor-element-2989e00\" data-id=\"2989e00\" data-element_type=\"column\" data-e-type=\"column\">\n\t\t\t<div class=\"elementor-widget-wrap elementor-element-populated\">\n\t\t\t\t\t\t<div class=\"elementor-element elementor-element-6f44a7b elementor-widget elementor-widget-text-editor\" data-id=\"6f44a7b\" data-element_type=\"widget\" data-e-type=\"widget\" data-widget_type=\"text-editor.default\">\n\t\t\t\t<div class=\"elementor-widget-container\">\n\t\t\t\t\t\t\t\t\t<p><a href=\"https:\/\/www.maultaschen.com\/\"><strong>Metzgerei Steffen Mack<\/strong><\/a><br \/>Inh. Steffen Mack <br \/>Kirchstra\u00dfe 3<br \/>70839 Gerlingen<br \/>Tel.\u00a0<a href=\"tel:07156\/94440\" target=\"_blank\" rel=\"noopener\">07156\/94440<\/a><\/p>\t\t\t\t\t\t\t\t<\/div>\n\t\t\t\t<\/div>\n\t\t\t\t\t<\/div>\n\t\t<\/div>\n\t\t\t\t<div class=\"elementor-column elementor-col-33 elementor-inner-column elementor-element elementor-element-281c60d\" data-id=\"281c60d\" data-element_type=\"column\" data-e-type=\"column\">\n\t\t\t<div class=\"elementor-widget-wrap elementor-element-populated\">\n\t\t\t\t\t\t<div class=\"elementor-element elementor-element-656e2c4 elementor-widget elementor-widget-text-editor\" data-id=\"656e2c4\" data-element_type=\"widget\" data-e-type=\"widget\" data-widget_type=\"text-editor.default\">\n\t\t\t\t<div class=\"elementor-widget-container\">\n\t\t\t\t\t\t\t\t\t<p><strong>Metzgerei Udo Matzel GmbH &amp; Co. KG<\/strong><br \/>Inh. Andreas Matzel<br \/>Hauptstr. 2<br \/>71131 Jettingen-Unterjettingen<br \/>Tel.\u00a0<a href=\"tel:07452\/75559\" target=\"_blank\" rel=\"noopener\">07452\/75559<\/a><\/p><p><strong>Filiale:<\/strong><br \/>Lammgasse 8 <br \/>71149 Bondorf<br \/>Tel. <a href=\"tel:07457\/1239\" target=\"_blank\" rel=\"noopener\">07457\/1239<\/a><\/p>\t\t\t\t\t\t\t\t<\/div>\n\t\t\t\t<\/div>\n\t\t\t\t\t<\/div>\n\t\t<\/div>\n\t\t\t\t\t<\/div>\n\t\t<\/section>\n\t\t\t\t\t<\/div>\n\t\t<\/div>\n\t\t\t\t\t<\/div>\n\t\t<\/section>\n\t\t\t\t<section class=\"elementor-section elementor-top-section elementor-element elementor-element-46d40fb elementor-section-boxed elementor-section-height-default elementor-section-height-default\" data-id=\"46d40fb\" data-element_type=\"section\" data-e-type=\"section\">\n\t\t\t\t\t\t<div class=\"elementor-container elementor-column-gap-default\">\n\t\t\t\t\t<div class=\"elementor-column elementor-col-100 elementor-top-column elementor-element elementor-element-0fa28ed\" data-id=\"0fa28ed\" data-element_type=\"column\" data-e-type=\"column\">\n\t\t\t<div class=\"elementor-widget-wrap elementor-element-populated\">\n\t\t\t\t\t\t<section class=\"elementor-section elementor-inner-section elementor-element elementor-element-31c3843 elementor-section-boxed elementor-section-height-default elementor-section-height-default\" data-id=\"31c3843\" data-element_type=\"section\" data-e-type=\"section\" data-settings=\"{&quot;background_background&quot;:&quot;classic&quot;}\">\n\t\t\t\t\t\t<div class=\"elementor-container elementor-column-gap-default\">\n\t\t\t\t\t<div class=\"elementor-column elementor-col-33 elementor-inner-column elementor-element elementor-element-535c7ed\" data-id=\"535c7ed\" data-element_type=\"column\" data-e-type=\"column\">\n\t\t\t<div class=\"elementor-widget-wrap elementor-element-populated\">\n\t\t\t\t\t\t<div class=\"elementor-element elementor-element-abb29d9 elementor-widget elementor-widget-text-editor\" data-id=\"abb29d9\" data-element_type=\"widget\" data-e-type=\"widget\" data-widget_type=\"text-editor.default\">\n\t\t\t\t<div class=\"elementor-widget-container\">\n\t\t\t\t\t\t\t\t\t<p><a href=\"https:\/\/www.metzgerei-mornhinweg.de\/\"><strong>Werner Mornhinweg GmbH<\/strong><\/a><br \/>Inh. Werner Mornhinweg <br \/>Ziegelstr. 12<br \/>71063 Sindelfingen<br \/>Tel.\u00a0<a href=\"tel:07031\/875365\" target=\"_blank\" rel=\"noopener\">07031\/875365<\/a><\/p>\t\t\t\t\t\t\t\t<\/div>\n\t\t\t\t<\/div>\n\t\t\t\t\t<\/div>\n\t\t<\/div>\n\t\t\t\t<div class=\"elementor-column elementor-col-33 elementor-inner-column elementor-element elementor-element-8ef034e\" data-id=\"8ef034e\" data-element_type=\"column\" data-e-type=\"column\">\n\t\t\t<div class=\"elementor-widget-wrap elementor-element-populated\">\n\t\t\t\t\t\t<div class=\"elementor-element elementor-element-e81bff9 elementor-widget elementor-widget-text-editor\" data-id=\"e81bff9\" data-element_type=\"widget\" data-e-type=\"widget\" data-widget_type=\"text-editor.default\">\n\t\t\t\t<div class=\"elementor-widget-container\">\n\t\t\t\t\t\t\t\t\t<p><a href=\"https:\/\/metzgerei-philippin.de\/\"><strong>Metzgerei-Bistro Philippin OHG<\/strong><\/a><br \/>Inh. Waltraud, Frank &amp; Thomas Philippin<br \/>Flachter Stra\u00dfe 9<br \/>71277 Rutesheim<br \/>Tel.\u00a0<a href=\"tel:07152\/52326\" target=\"_blank\" rel=\"noopener\">07152\/52326<\/a><\/p>\t\t\t\t\t\t\t\t<\/div>\n\t\t\t\t<\/div>\n\t\t\t\t\t<\/div>\n\t\t<\/div>\n\t\t\t\t<div class=\"elementor-column elementor-col-33 elementor-inner-column elementor-element elementor-element-6298a60\" data-id=\"6298a60\" data-element_type=\"column\" data-e-type=\"column\">\n\t\t\t<div class=\"elementor-widget-wrap elementor-element-populated\">\n\t\t\t\t\t\t<div class=\"elementor-element elementor-element-cbefe08 elementor-widget elementor-widget-text-editor\" data-id=\"cbefe08\" data-element_type=\"widget\" data-e-type=\"widget\" data-widget_type=\"text-editor.default\">\n\t\t\t\t<div class=\"elementor-widget-container\">\n\t\t\t\t\t\t\t\t\t<p><a href=\"https:\/\/www.partyservice-raith.de\/\"><strong>Metzgerei Frank Raith e.K.<\/strong><\/a><br \/>Inh. Frank Raith<br \/>Alte Stuttgarter Stra\u00dfe 25<br \/>71106 Magstadt<br \/>Tel.\u00a0<a href=\"tel:07159\/42144\" target=\"_blank\" rel=\"noopener\">07159\/42144<\/a><\/p>\t\t\t\t\t\t\t\t<\/div>\n\t\t\t\t<\/div>\n\t\t\t\t\t<\/div>\n\t\t<\/div>\n\t\t\t\t\t<\/div>\n\t\t<\/section>\n\t\t\t\t<section class=\"elementor-section elementor-inner-section elementor-element elementor-element-f550ccb elementor-section-boxed elementor-section-height-default elementor-section-height-default\" data-id=\"f550ccb\" data-element_type=\"section\" data-e-type=\"section\" data-settings=\"{&quot;background_background&quot;:&quot;classic&quot;}\">\n\t\t\t\t\t\t<div class=\"elementor-container elementor-column-gap-default\">\n\t\t\t\t\t<div class=\"elementor-column elementor-col-100 elementor-inner-column elementor-element elementor-element-2b3e9e2\" data-id=\"2b3e9e2\" data-element_type=\"column\" data-e-type=\"column\">\n\t\t\t<div class=\"elementor-widget-wrap\">\n\t\t\t\t\t\t\t<\/div>\n\t\t<\/div>\n\t\t\t\t\t<\/div>\n\t\t<\/section>\n\t\t\t\t<section class=\"elementor-section elementor-inner-section elementor-element elementor-element-dc0f760 elementor-section-boxed elementor-section-height-default elementor-section-height-default\" data-id=\"dc0f760\" data-element_type=\"section\" data-e-type=\"section\" data-settings=\"{&quot;background_background&quot;:&quot;classic&quot;}\">\n\t\t\t\t\t\t<div class=\"elementor-container elementor-column-gap-default\">\n\t\t\t\t\t<div class=\"elementor-column elementor-col-33 elementor-inner-column elementor-element elementor-element-3a81bb9\" data-id=\"3a81bb9\" data-element_type=\"column\" data-e-type=\"column\">\n\t\t\t<div class=\"elementor-widget-wrap elementor-element-populated\">\n\t\t\t\t\t\t<div class=\"elementor-element elementor-element-27345f8 elementor-widget elementor-widget-text-editor\" data-id=\"27345f8\" data-element_type=\"widget\" data-e-type=\"widget\" data-widget_type=\"text-editor.default\">\n\t\t\t\t<div class=\"elementor-widget-container\">\n\t\t\t\t\t\t\t\t\t<p><a href=\"https:\/\/metzgerei-ruff.de\/\"><strong>Metzgerei Ruff<\/strong><\/a><br \/>Inh. Matthias Ruff<br \/>Graf-Ulrich-Stra\u00dfe 3<br \/>71229 Leonberg<br \/>Tel.\u00a0<a href=\"tel:07152\/25322\" target=\"_blank\" rel=\"noopener\">07152\/25322<\/a><\/p>\t\t\t\t\t\t\t\t<\/div>\n\t\t\t\t<\/div>\n\t\t\t\t\t<\/div>\n\t\t<\/div>\n\t\t\t\t<div class=\"elementor-column elementor-col-33 elementor-inner-column elementor-element elementor-element-42899ab\" data-id=\"42899ab\" data-element_type=\"column\" data-e-type=\"column\">\n\t\t\t<div class=\"elementor-widget-wrap elementor-element-populated\">\n\t\t\t\t\t\t<div class=\"elementor-element elementor-element-cd59295 elementor-widget elementor-widget-text-editor\" data-id=\"cd59295\" data-element_type=\"widget\" data-e-type=\"widget\" data-widget_type=\"text-editor.default\">\n\t\t\t\t<div class=\"elementor-widget-container\">\n\t\t\t\t\t\t\t\t\t<p><a href=\"https:\/\/www.metzgerei-scherer.de\/\"><strong>Feinkostmetzgerei Scherer GmbH<\/strong><\/a><br \/>Inh. Matthias Scherer<br \/>Hauptstra\u00dfe 25<br \/>71272 Renningen<br \/>Tel.\u00a0<a href=\"tel:07159\/3121\" target=\"_blank\" rel=\"noopener\">07159\/3121<\/a><\/p>\t\t\t\t\t\t\t\t<\/div>\n\t\t\t\t<\/div>\n\t\t\t\t\t<\/div>\n\t\t<\/div>\n\t\t\t\t<div class=\"elementor-column elementor-col-33 elementor-inner-column elementor-element elementor-element-f8c772e\" data-id=\"f8c772e\" data-element_type=\"column\" data-e-type=\"column\">\n\t\t\t<div class=\"elementor-widget-wrap elementor-element-populated\">\n\t\t\t\t\t\t<div class=\"elementor-element elementor-element-5ee9a4d elementor-widget elementor-widget-text-editor\" data-id=\"5ee9a4d\" data-element_type=\"widget\" data-e-type=\"widget\" data-widget_type=\"text-editor.default\">\n\t\t\t\t<div class=\"elementor-widget-container\">\n\t\t\t\t\t\t\t\t\t<p><a href=\"https:\/\/www.der-metzger-schneider.de\/\"><strong>Metzger Schneider GmbH<\/strong><\/a><br \/>Inh. Wolfgang Schneider<br \/>Steinbeisstr. 16-18<br \/>71691 Freiberg a.N.<br \/>Tel.\u00a0<a href=\"tel:07141\/27580\" target=\"_blank\" rel=\"noopener\">07141\/27580<\/a><\/p><p><strong>Filiale:<\/strong><br \/>Gutenbergstr. 47<br \/>70176 Stuttgart<br \/>Tel.\u00a0<a href=\"tel:0711\/618576\" target=\"_blank\" rel=\"noopener\">0711\/618576<\/a><\/p>\t\t\t\t\t\t\t\t<\/div>\n\t\t\t\t<\/div>\n\t\t\t\t\t<\/div>\n\t\t<\/div>\n\t\t\t\t\t<\/div>\n\t\t<\/section>\n\t\t\t\t\t<\/div>\n\t\t<\/div>\n\t\t\t\t\t<\/div>\n\t\t<\/section>\n\t\t\t\t<section class=\"elementor-section elementor-top-section elementor-element elementor-element-f194ab4 elementor-section-boxed elementor-section-height-default elementor-section-height-default\" data-id=\"f194ab4\" data-element_type=\"section\" data-e-type=\"section\">\n\t\t\t\t\t\t<div class=\"elementor-container elementor-column-gap-default\">\n\t\t\t\t\t<div class=\"elementor-column elementor-col-100 elementor-top-column elementor-element elementor-element-edd5146\" data-id=\"edd5146\" data-element_type=\"column\" data-e-type=\"column\">\n\t\t\t<div class=\"elementor-widget-wrap elementor-element-populated\">\n\t\t\t\t\t\t<section class=\"elementor-section elementor-inner-section elementor-element elementor-element-ce9fe21 elementor-section-boxed elementor-section-height-default elementor-section-height-default\" data-id=\"ce9fe21\" data-element_type=\"section\" data-e-type=\"section\" data-settings=\"{&quot;background_background&quot;:&quot;classic&quot;}\">\n\t\t\t\t\t\t<div class=\"elementor-container elementor-column-gap-default\">\n\t\t\t\t\t<div class=\"elementor-column elementor-col-33 elementor-inner-column elementor-element elementor-element-4bd0a6d\" data-id=\"4bd0a6d\" data-element_type=\"column\" data-e-type=\"column\">\n\t\t\t<div class=\"elementor-widget-wrap elementor-element-populated\">\n\t\t\t\t\t\t<div class=\"elementor-element elementor-element-44576e0 elementor-widget elementor-widget-text-editor\" data-id=\"44576e0\" data-element_type=\"widget\" data-e-type=\"widget\" data-widget_type=\"text-editor.default\">\n\t\t\t\t<div class=\"elementor-widget-container\">\n\t\t\t\t\t\t\t\t\t<p><strong>Metzgerei Ralf Schwarz<\/strong><br \/>Inh. Ralf Schwarz<br \/>Johannes-Daur-Str. 11<br \/>70825 Korntal-M\u00fcnchingen<br \/>Tel.\u00a0<a href=\"tel:0711\/831359\" target=\"_blank\" rel=\"noopener\">0711\/831359<\/a><\/p>\t\t\t\t\t\t\t\t<\/div>\n\t\t\t\t<\/div>\n\t\t\t\t\t<\/div>\n\t\t<\/div>\n\t\t\t\t<div class=\"elementor-column elementor-col-33 elementor-inner-column elementor-element elementor-element-c98ba81\" data-id=\"c98ba81\" data-element_type=\"column\" data-e-type=\"column\">\n\t\t\t<div class=\"elementor-widget-wrap elementor-element-populated\">\n\t\t\t\t\t\t<div class=\"elementor-element elementor-element-6987ae5 elementor-widget elementor-widget-text-editor\" data-id=\"6987ae5\" data-element_type=\"widget\" data-e-type=\"widget\" data-widget_type=\"text-editor.default\">\n\t\t\t\t<div class=\"elementor-widget-container\">\n\t\t\t\t\t\t\t\t\t<p><a href=\"https:\/\/www.metzgersommer.de\/\"><strong>Metzgerei u. Partyservice Sommer<\/strong><\/a><br \/>Inh. J\u00fcrgen Sommer<br \/>Steinheimer Str. 17<br \/>71711 Steinheim-Kleinbottwar<br \/>Tel.\u00a0<a href=\"tel:07148\/1222\" target=\"_blank\" rel=\"noopener\">07148\/1222<\/a><\/p>\t\t\t\t\t\t\t\t<\/div>\n\t\t\t\t<\/div>\n\t\t\t\t\t<\/div>\n\t\t<\/div>\n\t\t\t\t<div class=\"elementor-column elementor-col-33 elementor-inner-column elementor-element elementor-element-af147c1\" data-id=\"af147c1\" data-element_type=\"column\" data-e-type=\"column\">\n\t\t\t<div class=\"elementor-widget-wrap elementor-element-populated\">\n\t\t\t\t\t\t<div class=\"elementor-element elementor-element-6079ef4 elementor-widget elementor-widget-text-editor\" data-id=\"6079ef4\" data-element_type=\"widget\" data-e-type=\"widget\" data-widget_type=\"text-editor.default\">\n\t\t\t\t<div class=\"elementor-widget-container\">\n\t\t\t\t\t\t\t\t\t<p><a href=\"https:\/\/www.stirnersinn.de\/\"><strong>Kronenmetzgerei<br \/>StirnerSinn GmbH<br \/><\/strong><\/a>Inh. Ulrich &amp; Gunther StirnerSinn<br \/>Hauptstr. 21<br \/>70839 Gerlingen<br \/>Tel.\u00a0<a href=\"tel:07156\/94460\" target=\"_blank\" rel=\"noopener\">07156\/94460<\/a><\/p><p><strong>Filialen:<br \/><\/strong>Autenstra\u00dfe 4<br \/>71254 Ditzingen<br \/>Tel.\u00a0<a href=\"tel:07156\/334 32\" target=\"_blank\" rel=\"noopener\">07156\/334 32<\/a><\/p><p>Stuttgarter Str. 30<br \/>70825\u00a0Korntal-M\u00fcnchingen<br \/>Tel.\u00a0<a href=\"tel:07150\/91 288 05\" target=\"_blank\" rel=\"noopener\">07150\/91 288 05<\/a><\/p><p>Stuttgarter Str. 11<br \/>71701 Schwieberdingen<br \/>Tel.\u00a0<a href=\"tel:07150\/91 288 20\" target=\"_blank\" rel=\"noopener\">07150\/91 288 20<\/a><\/p><p>Pforzheimer Str. 353<br \/>70499 Weilimdorf<br \/>Tel.\u00a0<a href=\"tel:0711\/810 43 24\" target=\"_blank\" rel=\"noopener\">0711\/810 43 24<\/a><\/p><p>M\u00f6glinger Str. 11<br \/>71636 Pflugfelden\u00a0<br \/><span style=\"color: var( --e-global-color-text ); letter-spacing: 0px;\">Tel. <a href=\"tel:07141\/412 68\" target=\"_blank\" rel=\"noopener\">07141\/412 68<\/a><\/span><\/p>\t\t\t\t\t\t\t\t<\/div>\n\t\t\t\t<\/div>\n\t\t\t\t\t<\/div>\n\t\t<\/div>\n\t\t\t\t\t<\/div>\n\t\t<\/section>\n\t\t\t\t<section class=\"elementor-section elementor-inner-section elementor-element elementor-element-f222027 elementor-section-boxed elementor-section-height-default elementor-section-height-default\" data-id=\"f222027\" data-element_type=\"section\" data-e-type=\"section\" data-settings=\"{&quot;background_background&quot;:&quot;classic&quot;}\">\n\t\t\t\t\t\t<div class=\"elementor-container elementor-column-gap-default\">\n\t\t\t\t\t<div class=\"elementor-column elementor-col-100 elementor-inner-column elementor-element elementor-element-1368050\" data-id=\"1368050\" data-element_type=\"column\" data-e-type=\"column\">\n\t\t\t<div class=\"elementor-widget-wrap\">\n\t\t\t\t\t\t\t<\/div>\n\t\t<\/div>\n\t\t\t\t\t<\/div>\n\t\t<\/section>\n\t\t\t\t<section class=\"elementor-section elementor-inner-section elementor-element elementor-element-af3c169 elementor-section-boxed elementor-section-height-default elementor-section-height-default\" data-id=\"af3c169\" data-element_type=\"section\" data-e-type=\"section\" data-settings=\"{&quot;background_background&quot;:&quot;classic&quot;}\">\n\t\t\t\t\t\t<div class=\"elementor-container elementor-column-gap-default\">\n\t\t\t\t\t<div class=\"elementor-column elementor-col-33 elementor-inner-column elementor-element elementor-element-c6a368f\" data-id=\"c6a368f\" data-element_type=\"column\" data-e-type=\"column\">\n\t\t\t<div class=\"elementor-widget-wrap elementor-element-populated\">\n\t\t\t\t\t\t<div class=\"elementor-element elementor-element-22e1221 elementor-widget elementor-widget-text-editor\" data-id=\"22e1221\" data-element_type=\"widget\" data-e-type=\"widget\" data-widget_type=\"text-editor.default\">\n\t\t\t\t<div class=\"elementor-widget-container\">\n\t\t\t\t\t\t\t\t\t<p><a href=\"http:\/\/metzgerei-suelzle.de\/\"><strong>Metzgerei S\u00fclzle<\/strong><\/a><br \/>Inh. Stefan S\u00fclzle<br \/>Oststr. 77<br \/>71638 Ludwigsburg<br \/>Tel.\u00a0<a href=\"tel:07141\/879090\" target=\"_blank\" rel=\"noopener\">07141\/879090<\/a><\/p>\t\t\t\t\t\t\t\t<\/div>\n\t\t\t\t<\/div>\n\t\t\t\t\t<\/div>\n\t\t<\/div>\n\t\t\t\t<div class=\"elementor-column elementor-col-33 elementor-inner-column elementor-element elementor-element-70a667d\" data-id=\"70a667d\" data-element_type=\"column\" data-e-type=\"column\">\n\t\t\t<div class=\"elementor-widget-wrap elementor-element-populated\">\n\t\t\t\t\t\t<div class=\"elementor-element elementor-element-493eecc elementor-widget elementor-widget-text-editor\" data-id=\"493eecc\" data-element_type=\"widget\" data-e-type=\"widget\" data-widget_type=\"text-editor.default\">\n\t\t\t\t<div class=\"elementor-widget-container\">\n\t\t\t\t\t\t\t\t\t<p><a href=\"https:\/\/www.metzgerei-sumser.com\/\"><strong>Metzgerei Sumser<\/strong><\/a><br \/>Inh. Andreas Sumser<br \/>Ludwigsburger Str. 25<br \/>71711 Steinheim\/Murr<br \/>Tel.\u00a0<a href=\"tel:07144\/29893\" target=\"_blank\" rel=\"noopener\">07144\/29893<\/a><\/p>\t\t\t\t\t\t\t\t<\/div>\n\t\t\t\t<\/div>\n\t\t\t\t\t<\/div>\n\t\t<\/div>\n\t\t\t\t<div class=\"elementor-column elementor-col-33 elementor-inner-column elementor-element elementor-element-aeff652\" data-id=\"aeff652\" data-element_type=\"column\" data-e-type=\"column\">\n\t\t\t<div class=\"elementor-widget-wrap elementor-element-populated\">\n\t\t\t\t\t\t<div class=\"elementor-element elementor-element-9f83f4f elementor-widget elementor-widget-text-editor\" data-id=\"9f83f4f\" data-element_type=\"widget\" data-e-type=\"widget\" data-widget_type=\"text-editor.default\">\n\t\t\t\t<div class=\"elementor-widget-container\">\n\t\t\t\t\t\t\t\t\t<p><a href=\"https:\/\/metzgerei-theurer.de\/\"><strong>Metzgerei Theurer GmbH &amp; Co. KG<\/strong><\/a><br \/>Inh. Bernhard &amp; Sven Theurer<br \/>Neckarstr. 2<br \/>71686 Remseck am Neackar<br \/>Tel.\u00a0<a href=\"tel:07146\/90431\" target=\"_blank\" rel=\"noopener\">07146\/90431<\/a><\/p><p><strong>Filiale:<\/strong><br \/>K\u00f6nigstr. 14<br \/>71679 Asperg<br \/>Tel.\u00a0<a href=\"tel:07141\/65315\" target=\"_blank\" rel=\"noopener\">07141\/65315<\/a><\/p>\t\t\t\t\t\t\t\t<\/div>\n\t\t\t\t<\/div>\n\t\t\t\t\t<\/div>\n\t\t<\/div>\n\t\t\t\t\t<\/div>\n\t\t<\/section>\n\t\t\t\t\t<\/div>\n\t\t<\/div>\n\t\t\t\t\t<\/div>\n\t\t<\/section>\n\t\t\t\t<section class=\"elementor-section elementor-top-section elementor-element elementor-element-5e27de5 elementor-section-boxed elementor-section-height-default elementor-section-height-default\" data-id=\"5e27de5\" data-element_type=\"section\" data-e-type=\"section\">\n\t\t\t\t\t\t<div class=\"elementor-container elementor-column-gap-default\">\n\t\t\t\t\t<div class=\"elementor-column elementor-col-100 elementor-top-column elementor-element elementor-element-48010fa\" data-id=\"48010fa\" data-element_type=\"column\" data-e-type=\"column\">\n\t\t\t<div class=\"elementor-widget-wrap elementor-element-populated\">\n\t\t\t\t\t\t<section class=\"elementor-section elementor-inner-section elementor-element elementor-element-a6845c5 elementor-section-boxed elementor-section-height-default elementor-section-height-default\" data-id=\"a6845c5\" data-element_type=\"section\" data-e-type=\"section\" data-settings=\"{&quot;background_background&quot;:&quot;classic&quot;}\">\n\t\t\t\t\t\t<div class=\"elementor-container elementor-column-gap-default\">\n\t\t\t\t\t<div class=\"elementor-column elementor-col-33 elementor-inner-column elementor-element elementor-element-b05bc0b\" data-id=\"b05bc0b\" data-element_type=\"column\" data-e-type=\"column\">\n\t\t\t<div class=\"elementor-widget-wrap elementor-element-populated\">\n\t\t\t\t\t\t<div class=\"elementor-element elementor-element-2ab3261 elementor-widget elementor-widget-text-editor\" data-id=\"2ab3261\" data-element_type=\"widget\" data-e-type=\"widget\" data-widget_type=\"text-editor.default\">\n\t\t\t\t<div class=\"elementor-widget-container\">\n\t\t\t\t\t\t\t\t\t<p><a href=\"https:\/\/metzgerei-weippert.de\/\"><strong>Metzgerei Weippert GmbH<\/strong><\/a><br \/>Inh. Dieter &amp; Werner Weippert<br \/>Lindenstr. 2<br \/>71083 Herrenberg-Kayh<br \/>Tel.\u00a0<a href=\"tel:07032\/71425\" target=\"_blank\" rel=\"noopener\">07032\/71425<\/a><\/p>\t\t\t\t\t\t\t\t<\/div>\n\t\t\t\t<\/div>\n\t\t\t\t\t<\/div>\n\t\t<\/div>\n\t\t\t\t<div class=\"elementor-column elementor-col-33 elementor-inner-column elementor-element elementor-element-9d4f8a7\" data-id=\"9d4f8a7\" data-element_type=\"column\" data-e-type=\"column\">\n\t\t\t<div class=\"elementor-widget-wrap elementor-element-populated\">\n\t\t\t\t\t\t<div class=\"elementor-element elementor-element-5da075a elementor-widget elementor-widget-text-editor\" data-id=\"5da075a\" data-element_type=\"widget\" data-e-type=\"widget\" data-widget_type=\"text-editor.default\">\n\t\t\t\t<div class=\"elementor-widget-container\">\n\t\t\t\t\t\t\t\t\t<p><a href=\"https:\/\/www.landmetzgerei-weippert.de\/\"><strong>Landmetzgerei Weippert<\/strong><\/a><br \/>Inh. Gerhard Schrott<br \/>\u00d6schelbronner Str. 1<br \/>71126 G\u00e4ufelden-Nebringen<br \/>Tel.\u00a0<a href=\"tel:07032\/71360\" target=\"_blank\" rel=\"noopener\">07032\/71360<\/a><\/p>\t\t\t\t\t\t\t\t<\/div>\n\t\t\t\t<\/div>\n\t\t\t\t\t<\/div>\n\t\t<\/div>\n\t\t\t\t<div class=\"elementor-column elementor-col-33 elementor-inner-column elementor-element elementor-element-d60db82\" data-id=\"d60db82\" data-element_type=\"column\" data-e-type=\"column\">\n\t\t\t<div class=\"elementor-widget-wrap elementor-element-populated\">\n\t\t\t\t\t\t<div class=\"elementor-element elementor-element-a717a65 elementor-widget elementor-widget-text-editor\" data-id=\"a717a65\" data-element_type=\"widget\" data-e-type=\"widget\" data-widget_type=\"text-editor.default\">\n\t\t\t\t<div class=\"elementor-widget-container\">\n\t\t\t\t\t\t\t\t\t<p><strong>Metzgerei Wei\u00df<\/strong><br \/>Inh. Gerhard Wei\u00df<br \/>G\u00e4rtringer Str. 35<br \/>71116 G\u00e4rtringen-Rohrau<br \/>Tel.\u00a0<a href=\"tel:07034\/22193\" target=\"_blank\" rel=\"noopener\">07034\/22193<\/a><\/p>\t\t\t\t\t\t\t\t<\/div>\n\t\t\t\t<\/div>\n\t\t\t\t\t<\/div>\n\t\t<\/div>\n\t\t\t\t\t<\/div>\n\t\t<\/section>\n\t\t\t\t<section class=\"elementor-section elementor-inner-section elementor-element elementor-element-a03aefa elementor-section-boxed elementor-section-height-default elementor-section-height-default\" data-id=\"a03aefa\" data-element_type=\"section\" data-e-type=\"section\" data-settings=\"{&quot;background_background&quot;:&quot;classic&quot;}\">\n\t\t\t\t\t\t<div class=\"elementor-container elementor-column-gap-default\">\n\t\t\t\t\t<div class=\"elementor-column elementor-col-100 elementor-inner-column elementor-element elementor-element-cb40e19\" data-id=\"cb40e19\" data-element_type=\"column\" data-e-type=\"column\">\n\t\t\t<div class=\"elementor-widget-wrap\">\n\t\t\t\t\t\t\t<\/div>\n\t\t<\/div>\n\t\t\t\t\t<\/div>\n\t\t<\/section>\n\t\t\t\t<section class=\"elementor-section elementor-inner-section elementor-element elementor-element-5509e87 elementor-section-boxed elementor-section-height-default elementor-section-height-default\" data-id=\"5509e87\" data-element_type=\"section\" data-e-type=\"section\" data-settings=\"{&quot;background_background&quot;:&quot;classic&quot;}\">\n\t\t\t\t\t\t<div class=\"elementor-container elementor-column-gap-default\">\n\t\t\t\t\t<div class=\"elementor-column elementor-col-33 elementor-inner-column elementor-element elementor-element-c2af36b\" data-id=\"c2af36b\" data-element_type=\"column\" data-e-type=\"column\">\n\t\t\t<div class=\"elementor-widget-wrap elementor-element-populated\">\n\t\t\t\t\t\t<div class=\"elementor-element elementor-element-64cc99e elementor-widget elementor-widget-text-editor\" data-id=\"64cc99e\" data-element_type=\"widget\" data-e-type=\"widget\" data-widget_type=\"text-editor.default\">\n\t\t\t\t<div class=\"elementor-widget-container\">\n\t\t\t\t\t\t\t\t\t<p><strong>Metzgerei Wei\u00df<\/strong><br \/>Inh. Walter Wei\u00df<br \/>Deufringer Str. 24a<br \/>71134 Aidlingen<br \/>Tel.\u00a0<a href=\"tel:07056\/8191\" target=\"_blank\" rel=\"noopener\">07056\/8191<\/a><\/p>\t\t\t\t\t\t\t\t<\/div>\n\t\t\t\t<\/div>\n\t\t\t\t\t<\/div>\n\t\t<\/div>\n\t\t\t\t<div class=\"elementor-column elementor-col-33 elementor-inner-column elementor-element elementor-element-af5f4e1\" data-id=\"af5f4e1\" data-element_type=\"column\" data-e-type=\"column\">\n\t\t\t<div class=\"elementor-widget-wrap elementor-element-populated\">\n\t\t\t\t\t\t<div class=\"elementor-element elementor-element-9c78111 elementor-widget elementor-widget-text-editor\" data-id=\"9c78111\" data-element_type=\"widget\" data-e-type=\"widget\" data-widget_type=\"text-editor.default\">\n\t\t\t\t<div class=\"elementor-widget-container\">\n\t\t\t\t\t\t\t\t\t<p><a href=\"http:\/\/www.metzgerei-wildermuth.de\/\"><strong>Wildermuth GmbH<\/strong><\/a><br \/>Inh. Rolf Wildermuth<br \/>Helenenstr. 27<br \/>71706 Markgr\u00f6ningen<br \/>Tel.\u00a0<a href=\"tel:07145\/5247\" target=\"_blank\" rel=\"noopener\">07145\/5247<\/a><\/p>\t\t\t\t\t\t\t\t<\/div>\n\t\t\t\t<\/div>\n\t\t\t\t\t<\/div>\n\t\t<\/div>\n\t\t\t\t<div class=\"elementor-column elementor-col-33 elementor-inner-column elementor-element elementor-element-1123343\" data-id=\"1123343\" data-element_type=\"column\" data-e-type=\"column\">\n\t\t\t<div class=\"elementor-widget-wrap elementor-element-populated\">\n\t\t\t\t\t\t<div class=\"elementor-element elementor-element-542813c elementor-widget elementor-widget-text-editor\" data-id=\"542813c\" data-element_type=\"widget\" data-e-type=\"widget\" data-widget_type=\"text-editor.default\">\n\t\t\t\t<div class=\"elementor-widget-container\">\n\t\t\t\t\t\t\t\t\t<p><strong>Metzgerei G\u00fcnther W\u00f6hr<\/strong><br \/>Inh. G\u00fcnther W\u00f6hr<br \/>Dagersheimer Str. 5<br \/>71069 Sindelfingen-Darmsheim<br \/>Tel.\u00a0<a href=\"tel:07031\/672541\" target=\"_blank\" rel=\"noopener\">07031\/672541<\/a><\/p>\t\t\t\t\t\t\t\t<\/div>\n\t\t\t\t<\/div>\n\t\t\t\t\t<\/div>\n\t\t<\/div>\n\t\t\t\t\t<\/div>\n\t\t<\/section>\n\t\t\t\t\t<\/div>\n\t\t<\/div>\n\t\t\t\t\t<\/div>\n\t\t<\/section>\n\t\t\t\t<section class=\"elementor-section elementor-top-section elementor-element elementor-element-00e1274 elementor-section-boxed elementor-section-height-default elementor-section-height-default\" data-id=\"00e1274\" data-element_type=\"section\" data-e-type=\"section\">\n\t\t\t\t\t\t<div class=\"elementor-container elementor-column-gap-default\">\n\t\t\t\t\t<div class=\"elementor-column elementor-col-100 elementor-top-column elementor-element elementor-element-2cd7ec1\" data-id=\"2cd7ec1\" data-element_type=\"column\" data-e-type=\"column\">\n\t\t\t<div class=\"elementor-widget-wrap elementor-element-populated\">\n\t\t\t\t\t\t<section class=\"elementor-section elementor-inner-section elementor-element elementor-element-2ac4364 elementor-section-boxed elementor-section-height-default elementor-section-height-default\" data-id=\"2ac4364\" data-element_type=\"section\" data-e-type=\"section\" data-settings=\"{&quot;background_background&quot;:&quot;classic&quot;}\">\n\t\t\t\t\t\t<div class=\"elementor-container elementor-column-gap-default\">\n\t\t\t\t\t<div class=\"elementor-column elementor-col-33 elementor-inner-column elementor-element elementor-element-a0c34d4\" data-id=\"a0c34d4\" data-element_type=\"column\" data-e-type=\"column\">\n\t\t\t<div class=\"elementor-widget-wrap elementor-element-populated\">\n\t\t\t\t\t\t<div class=\"elementor-element elementor-element-ef2762c elementor-widget elementor-widget-text-editor\" data-id=\"ef2762c\" data-element_type=\"widget\" data-e-type=\"widget\" data-widget_type=\"text-editor.default\">\n\t\t\t\t<div class=\"elementor-widget-container\">\n\t\t\t\t\t\t\t\t\t<p><a href=\"https:\/\/www.metzger-woerner.de\/\"><strong>Metzgerei W\u00f6rner<\/strong><\/a><br \/>Inh. Tanja W\u00f6rner<br \/>Bronngasse 11<br \/>71083 Herrenberg<br \/>Tel.\u00a0<a href=\"tel:07032\/5106\" target=\"_blank\" rel=\"noopener\">07032\/5106<\/a><\/p><p><strong>Filiale:<\/strong><br \/>Bondorfer Str. 4<br \/>71159 M\u00f6tzingen<br \/>Tel.\u00a0<a href=\"tel:07452\/77274\" target=\"_blank\" rel=\"noopener\">07452\/77274<\/a><\/p>\t\t\t\t\t\t\t\t<\/div>\n\t\t\t\t<\/div>\n\t\t\t\t\t<\/div>\n\t\t<\/div>\n\t\t\t\t<div class=\"elementor-column elementor-col-33 elementor-inner-column elementor-element elementor-element-f9977f6\" data-id=\"f9977f6\" data-element_type=\"column\" data-e-type=\"column\">\n\t\t\t<div class=\"elementor-widget-wrap elementor-element-populated\">\n\t\t\t\t\t\t<div class=\"elementor-element elementor-element-7d75a2d elementor-widget elementor-widget-text-editor\" data-id=\"7d75a2d\" data-element_type=\"widget\" data-e-type=\"widget\" data-widget_type=\"text-editor.default\">\n\t\t\t\t<div class=\"elementor-widget-container\">\n\t\t\t\t\t\t\t\t\t<p><a href=\"https:\/\/www.wurschdschmiede.de\/\"><strong>Wurschdschmiede GmbH<\/strong><\/a><br \/>Inh. Karsten Nestele &amp; Heiko Nausch<br \/>Bahnhofstr. 22<br \/>71101 Sch\u00f6naich<br \/>Tel.\u00a0<a style=\"background-color: rgba(255, 255, 255, 0.04); transition-property: all;\" href=\"tel:07031\/6789939\" target=\"_blank\" rel=\"noopener\">07031\/652390<\/a><\/p><p><strong>Filiale:<\/strong><br \/>Reutlinger Str. 4<br \/>72124 Pliezhausen<br \/>Tel.\u00a0<a href=\"tel:07127\/70606\" target=\"_blank\" rel=\"noopener\">07127\/70606<\/a><\/p>\t\t\t\t\t\t\t\t<\/div>\n\t\t\t\t<\/div>\n\t\t\t\t\t<\/div>\n\t\t<\/div>\n\t\t\t\t<div class=\"elementor-column elementor-col-33 elementor-inner-column elementor-element elementor-element-76019de\" data-id=\"76019de\" data-element_type=\"column\" data-e-type=\"column\">\n\t\t\t<div class=\"elementor-widget-wrap elementor-element-populated\">\n\t\t\t\t\t\t<div class=\"elementor-element elementor-element-36351a7 elementor-widget elementor-widget-text-editor\" data-id=\"36351a7\" data-element_type=\"widget\" data-e-type=\"widget\" data-widget_type=\"text-editor.default\">\n\t\t\t\t<div class=\"elementor-widget-container\">\n\t\t\t\t\t\t\t\t\t<p><a href=\"https:\/\/metzgereiziegler.de\/\"><strong>Metzgerei Ziegler<\/strong><\/a><br \/>Inh. Wolfgang Ziegler<br \/>Beilsteiner Str. 1<br \/>71720 Oberstenfeld<br \/>Tel.\u00a0<a href=\"tel:07062\/3955\" target=\"_blank\" rel=\"noopener\">07062\/3955<\/a><\/p>\t\t\t\t\t\t\t\t<\/div>\n\t\t\t\t<\/div>\n\t\t\t\t\t<\/div>\n\t\t<\/div>\n\t\t\t\t\t<\/div>\n\t\t<\/section>\n\t\t\t\t<section class=\"elementor-section elementor-inner-section elementor-element elementor-element-5f7c843 elementor-section-boxed elementor-section-height-default elementor-section-height-default\" data-id=\"5f7c843\" data-element_type=\"section\" data-e-type=\"section\" data-settings=\"{&quot;background_background&quot;:&quot;classic&quot;}\">\n\t\t\t\t\t\t<div class=\"elementor-container elementor-column-gap-default\">\n\t\t\t\t\t<div class=\"elementor-column elementor-col-100 elementor-inner-column elementor-element elementor-element-1e8b44e\" data-id=\"1e8b44e\" data-element_type=\"column\" data-e-type=\"column\">\n\t\t\t<div class=\"elementor-widget-wrap\">\n\t\t\t\t\t\t\t<\/div>\n\t\t<\/div>\n\t\t\t\t\t<\/div>\n\t\t<\/section>\n\t\t\t\t<section class=\"elementor-section elementor-inner-section elementor-element elementor-element-660c0e4 elementor-section-boxed elementor-section-height-default elementor-section-height-default\" data-id=\"660c0e4\" data-element_type=\"section\" data-e-type=\"section\" data-settings=\"{&quot;background_background&quot;:&quot;classic&quot;}\">\n\t\t\t\t\t\t<div class=\"elementor-container elementor-column-gap-default\">\n\t\t\t\t\t<div class=\"elementor-column elementor-col-33 elementor-inner-column elementor-element elementor-element-950449d\" data-id=\"950449d\" data-element_type=\"column\" data-e-type=\"column\">\n\t\t\t<div class=\"elementor-widget-wrap elementor-element-populated\">\n\t\t\t\t\t\t<div class=\"elementor-element elementor-element-6064ab2 elementor-widget elementor-widget-text-editor\" data-id=\"6064ab2\" data-element_type=\"widget\" data-e-type=\"widget\" data-widget_type=\"text-editor.default\">\n\t\t\t\t<div class=\"elementor-widget-container\">\n\t\t\t\t\t\t\t\t\t<p><a href=\"https:\/\/www.metzgerei-ochsen.de\/\"><strong>Metzgerei Zum Ochsen<\/strong><\/a><br \/>Inh. Brigitte Betz-Kori<br \/>Gro\u00dfbottwarer Stra\u00dfe 27<br \/>71720 Oberstenfeld<br \/>Tel.\u00a0<a href=\"tel:07062\/931360\" target=\"_blank\" rel=\"noopener\">07062\/931360<\/a><\/p>\t\t\t\t\t\t\t\t<\/div>\n\t\t\t\t<\/div>\n\t\t\t\t\t<\/div>\n\t\t<\/div>\n\t\t\t\t<div class=\"elementor-column elementor-col-33 elementor-inner-column elementor-element elementor-element-c59ff26\" data-id=\"c59ff26\" data-element_type=\"column\" data-e-type=\"column\">\n\t\t\t<div class=\"elementor-widget-wrap elementor-element-populated\">\n\t\t\t\t\t\t<div class=\"elementor-element elementor-element-ad3fe81 elementor-widget elementor-widget-text-editor\" data-id=\"ad3fe81\" data-element_type=\"widget\" data-e-type=\"widget\" data-widget_type=\"text-editor.default\">\n\t\t\t\t<div class=\"elementor-widget-container\">\n\t\t\t\t\t\t\t\t\t<p><a href=\"http:\/\/www.metzgerei-seyb.de\/\"><strong>Metzgerei u. Gasthaus Zur Krone<\/strong><\/a><br \/>Inh. Dietrich Seyb<br \/>Alte Marktstra\u00dfe 2<br \/>71665 Vaihingen-Horrheim<br \/>Tel.\u00a0<a href=\"tel:07042\/32916\" target=\"_blank\" rel=\"noopener\">07042\/32916<\/a><\/p>\t\t\t\t\t\t\t\t<\/div>\n\t\t\t\t<\/div>\n\t\t\t\t\t<\/div>\n\t\t<\/div>\n\t\t\t\t<div class=\"elementor-column elementor-col-33 elementor-inner-column elementor-element elementor-element-5ece986\" data-id=\"5ece986\" data-element_type=\"column\" data-e-type=\"column\">\n\t\t\t<div class=\"elementor-widget-wrap elementor-element-populated\">\n\t\t\t\t\t\t<div class=\"elementor-element elementor-element-0eaaebf elementor-widget elementor-widget-text-editor\" data-id=\"0eaaebf\" data-element_type=\"widget\" data-e-type=\"widget\" data-widget_type=\"text-editor.default\">\n\t\t\t\t<div class=\"elementor-widget-container\">\n\t\t\t\t\t\t\t\t\t<p><a href=\"https:\/\/www.metzgerei-gasthof-rose.de\/\"><strong>Metzgerei und Gastst\u00e4tte zur Rose<\/strong><\/a><br \/>Inh. Manfred N\u00e4her<br \/>Freudentaler Stra\u00dfe 1<br \/>74343 Sachsenheim-Hohenhaslach<br \/>Tel.\u00a0<a href=\"tel:07147\/6370\" target=\"_blank\" rel=\"noopener\">07147\/6370<\/a><\/p>\t\t\t\t\t\t\t\t<\/div>\n\t\t\t\t<\/div>\n\t\t\t\t\t<\/div>\n\t\t<\/div>\n\t\t\t\t\t<\/div>\n\t\t<\/section>\n\t\t\t\t\t<\/div>\n\t\t<\/div>\n\t\t\t\t\t<\/div>\n\t\t<\/section>\n\t\t\t\t<section class=\"elementor-section elementor-top-section elementor-element elementor-element-72ef701 elementor-section-boxed elementor-section-height-default elementor-section-height-default\" data-id=\"72ef701\" data-element_type=\"section\" data-e-type=\"section\">\n\t\t\t\t\t\t<div class=\"elementor-container elementor-column-gap-default\">\n\t\t\t\t\t<div class=\"elementor-column elementor-col-100 elementor-top-column elementor-element elementor-element-8a7441b\" data-id=\"8a7441b\" data-element_type=\"column\" data-e-type=\"column\">\n\t\t\t<div class=\"elementor-widget-wrap elementor-element-populated\">\n\t\t\t\t\t\t<section class=\"elementor-section elementor-inner-section elementor-element elementor-element-991932c elementor-section-boxed elementor-section-height-default elementor-section-height-default\" data-id=\"991932c\" data-element_type=\"section\" data-e-type=\"section\" data-settings=\"{&quot;background_background&quot;:&quot;classic&quot;}\">\n\t\t\t\t\t\t<div class=\"elementor-container elementor-column-gap-default\">\n\t\t\t\t\t<div class=\"elementor-column elementor-col-33 elementor-inner-column elementor-element elementor-element-94d6bf0\" data-id=\"94d6bf0\" data-element_type=\"column\" data-e-type=\"column\">\n\t\t\t<div class=\"elementor-widget-wrap elementor-element-populated\">\n\t\t\t\t\t\t<div class=\"elementor-element elementor-element-df5b25a elementor-widget elementor-widget-text-editor\" data-id=\"df5b25a\" data-element_type=\"widget\" data-e-type=\"widget\" data-widget_type=\"text-editor.default\">\n\t\t\t\t<div class=\"elementor-widget-container\">\n\t\t\t\t\t\t\t\t\t<p><strong>Metzgerei Zweygart<\/strong><br \/>Inh. Walter Zweygart<br \/>Hauptstr. 14<br \/>71134 Aidlingen<br \/>Tel.\u00a0<a href=\"tel:07034\/7849\" target=\"_blank\" rel=\"noopener\">07034\/7849<\/a><\/p>\t\t\t\t\t\t\t\t<\/div>\n\t\t\t\t<\/div>\n\t\t\t\t\t<\/div>\n\t\t<\/div>\n\t\t\t\t<div class=\"elementor-column elementor-col-33 elementor-inner-column elementor-element elementor-element-71b5a67\" data-id=\"71b5a67\" data-element_type=\"column\" data-e-type=\"column\">\n\t\t\t<div class=\"elementor-widget-wrap elementor-element-populated\">\n\t\t\t\t\t\t\t<\/div>\n\t\t<\/div>\n\t\t\t\t<div class=\"elementor-column elementor-col-33 elementor-inner-column elementor-element elementor-element-57ffe07\" data-id=\"57ffe07\" data-element_type=\"column\" data-e-type=\"column\">\n\t\t\t<div class=\"elementor-widget-wrap elementor-element-populated\">\n\t\t\t\t\t\t\t<\/div>\n\t\t<\/div>\n\t\t\t\t\t<\/div>\n\t\t<\/section>\n\t\t\t\t\t<\/div>\n\t\t<\/div>\n\t\t\t\t\t<\/div>\n\t\t<\/section>\n\t\t\t\t<section class=\"elementor-section elementor-top-section elementor-element elementor-element-bcb0da6 elementor-section-boxed elementor-section-height-default elementor-section-height-default\" data-id=\"bcb0da6\" data-element_type=\"section\" data-e-type=\"section\">\n\t\t\t\t\t\t<div class=\"elementor-container elementor-column-gap-default\">\n\t\t\t\t\t<div class=\"elementor-column elementor-col-100 elementor-top-column elementor-element elementor-element-88a7c94\" data-id=\"88a7c94\" data-element_type=\"column\" data-e-type=\"column\">\n\t\t\t<div class=\"elementor-widget-wrap elementor-element-populated\">\n\t\t\t\t\t\t<div class=\"elementor-element elementor-element-a083b02 elementor-widget elementor-widget-spacer\" data-id=\"a083b02\" data-element_type=\"widget\" data-e-type=\"widget\" data-widget_type=\"spacer.default\">\n\t\t\t\t<div class=\"elementor-widget-container\">\n\t\t\t\t\t\t\t<div class=\"elementor-spacer\">\n\t\t\t<div class=\"elementor-spacer-inner\"><\/div>\n\t\t<\/div>\n\t\t\t\t\t\t<\/div>\n\t\t\t\t<\/div>\n\t\t\t\t\t<\/div>\n\t\t<\/div>\n\t\t\t\t\t<\/div>\n\t\t<\/section>\n\t\t\t\t<section class=\"elementor-section elementor-top-section elementor-element elementor-element-f7b72ba elementor-section-content-top elementor-section-boxed elementor-section-height-default elementor-section-height-default\" data-id=\"f7b72ba\" data-element_type=\"section\" data-e-type=\"section\">\n\t\t\t\t\t\t<div class=\"elementor-container elementor-column-gap-extended\">\n\t\t\t\t\t<div class=\"elementor-column elementor-col-25 elementor-top-column elementor-element elementor-element-3160930\" data-id=\"3160930\" data-element_type=\"column\" data-e-type=\"column\">\n\t\t\t<div class=\"elementor-widget-wrap elementor-element-populated\">\n\t\t\t\t\t\t<section class=\"elementor-section elementor-inner-section elementor-element elementor-element-8b05e81 elementor-section-height-min-height elementor-section-boxed elementor-section-height-default\" data-id=\"8b05e81\" data-element_type=\"section\" data-e-type=\"section\">\n\t\t\t\t\t\t<div class=\"elementor-container elementor-column-gap-default\">\n\t\t\t\t\t<div class=\"elementor-column elementor-col-100 elementor-inner-column elementor-element elementor-element-fa534f8\" data-id=\"fa534f8\" data-element_type=\"column\" data-e-type=\"column\" data-settings=\"{&quot;background_background&quot;:&quot;classic&quot;}\">\n\t\t\t<div class=\"elementor-widget-wrap elementor-element-populated\">\n\t\t\t\t\t\t<div class=\"elementor-element elementor-element-80152c4 elementor-widget elementor-widget-image\" data-id=\"80152c4\" data-element_type=\"widget\" data-e-type=\"widget\" data-widget_type=\"image.default\">\n\t\t\t\t<div class=\"elementor-widget-container\">\n\t\t\t\t\t\t\t\t\t\t\t\t\t\t\t<img fetchpriority=\"high\" decoding=\"async\" width=\"1024\" height=\"238\" src=\"https:\/\/www.fleischerinnung-boeblingen-ludwigsburg.de\/wp-content\/uploads\/2023\/05\/Metzger-Einkauf-Logo_bear-01-1024x238.png\" class=\"attachment-large size-large wp-image-17238\" alt=\"\" srcset=\"https:\/\/www.fleischerinnung-boeblingen-ludwigsburg.de\/wp-content\/uploads\/2023\/05\/Metzger-Einkauf-Logo_bear-01-1024x238.png 1024w, https:\/\/www.fleischerinnung-boeblingen-ludwigsburg.de\/wp-content\/uploads\/2023\/05\/Metzger-Einkauf-Logo_bear-01-300x70.png 300w, https:\/\/www.fleischerinnung-boeblingen-ludwigsburg.de\/wp-content\/uploads\/2023\/05\/Metzger-Einkauf-Logo_bear-01-768x179.png 768w, https:\/\/www.fleischerinnung-boeblingen-ludwigsburg.de\/wp-content\/uploads\/2023\/05\/Metzger-Einkauf-Logo_bear-01-600x140.png 600w, https:\/\/www.fleischerinnung-boeblingen-ludwigsburg.de\/wp-content\/uploads\/2023\/05\/Metzger-Einkauf-Logo_bear-01.png 1138w\" sizes=\"(max-width: 1024px) 100vw, 1024px\" \/>\t\t\t\t\t\t\t\t\t\t\t\t\t\t\t<\/div>\n\t\t\t\t<\/div>\n\t\t\t\t<div class=\"elementor-element elementor-element-acb373b elementor-widget elementor-widget-text-editor\" data-id=\"acb373b\" data-element_type=\"widget\" data-e-type=\"widget\" data-widget_type=\"text-editor.default\">\n\t\t\t\t<div class=\"elementor-widget-container\">\n\t\t\t\t\t\t\t\t\t<p><a href=\"https:\/\/www.metzgereinkauf.de\/\"><strong>Metzger-Einkauf<br \/>B\u00f6blingen-Ludwigsburg eG<\/strong><\/a><br \/>Riedbrunnenstr. 1<br \/>71116 G\u00e4rtringen<br \/>Tel.\u00a0<a href=\"tel:07034 \/ 9283-0\" target=\"_blank\" rel=\"noopener\">07034\/9283-0<\/a><br \/>Mail\u00a0<a style=\"outline: 0px;\" href=\"mailto:info@metzgereinkauf.de\">info@metzgereinkauf.de<\/a><\/p><p><strong>Filialen:<\/strong><br \/>Robert-Koch-Str. 10, Nagold<br \/>Frankfurter Str. 30, Heilbronn<\/p>\t\t\t\t\t\t\t\t<\/div>\n\t\t\t\t<\/div>\n\t\t\t\t\t<\/div>\n\t\t<\/div>\n\t\t\t\t\t<\/div>\n\t\t<\/section>\n\t\t\t\t\t<\/div>\n\t\t<\/div>\n\t\t\t\t<div class=\"elementor-column elementor-col-25 elementor-top-column elementor-element elementor-element-9652e42\" data-id=\"9652e42\" data-element_type=\"column\" data-e-type=\"column\">\n\t\t\t<div class=\"elementor-widget-wrap elementor-element-populated\">\n\t\t\t\t\t\t<section class=\"elementor-section elementor-inner-section elementor-element elementor-element-1181388 elementor-section-height-min-height elementor-section-boxed elementor-section-height-default\" data-id=\"1181388\" data-element_type=\"section\" data-e-type=\"section\">\n\t\t\t\t\t\t<div class=\"elementor-container elementor-column-gap-default\">\n\t\t\t\t\t<div class=\"elementor-column elementor-col-100 elementor-inner-column elementor-element elementor-element-5b3e841\" data-id=\"5b3e841\" data-element_type=\"column\" data-e-type=\"column\" data-settings=\"{&quot;background_background&quot;:&quot;classic&quot;}\">\n\t\t\t<div class=\"elementor-widget-wrap elementor-element-populated\">\n\t\t\t\t\t\t<div class=\"elementor-element elementor-element-0e359e8 elementor-widget elementor-widget-image\" data-id=\"0e359e8\" data-element_type=\"widget\" data-e-type=\"widget\" data-widget_type=\"image.default\">\n\t\t\t\t<div class=\"elementor-widget-container\">\n\t\t\t\t\t\t\t\t\t\t\t\t\t\t\t<img decoding=\"async\" width=\"1024\" height=\"227\" src=\"https:\/\/www.fleischerinnung-boeblingen-ludwigsburg.de\/wp-content\/uploads\/2023\/05\/KH-Boeblingen-1024x227.png\" class=\"attachment-large size-large wp-image-16425\" alt=\"\" srcset=\"https:\/\/www.fleischerinnung-boeblingen-ludwigsburg.de\/wp-content\/uploads\/2023\/05\/KH-Boeblingen-1024x227.png 1024w, https:\/\/www.fleischerinnung-boeblingen-ludwigsburg.de\/wp-content\/uploads\/2023\/05\/KH-Boeblingen-300x66.png 300w, https:\/\/www.fleischerinnung-boeblingen-ludwigsburg.de\/wp-content\/uploads\/2023\/05\/KH-Boeblingen-768x170.png 768w, https:\/\/www.fleischerinnung-boeblingen-ludwigsburg.de\/wp-content\/uploads\/2023\/05\/KH-Boeblingen-1536x340.png 1536w, https:\/\/www.fleischerinnung-boeblingen-ludwigsburg.de\/wp-content\/uploads\/2023\/05\/KH-Boeblingen-600x133.png 600w, https:\/\/www.fleischerinnung-boeblingen-ludwigsburg.de\/wp-content\/uploads\/2023\/05\/KH-Boeblingen.png 1875w\" sizes=\"(max-width: 1024px) 100vw, 1024px\" \/>\t\t\t\t\t\t\t\t\t\t\t\t\t\t\t<\/div>\n\t\t\t\t<\/div>\n\t\t\t\t<div class=\"elementor-element elementor-element-b1591bc elementor-widget elementor-widget-text-editor\" data-id=\"b1591bc\" data-element_type=\"widget\" data-e-type=\"widget\" data-widget_type=\"text-editor.default\">\n\t\t\t\t<div class=\"elementor-widget-container\">\n\t\t\t\t\t\t\t\t\t<p><a href=\"https:\/\/www.kh-boeblingen.de\/\"><strong>Kreishandwerkerschaft<br \/>B\u00f6blingen<\/strong><\/a><br \/>Sch\u00f6naicher Stra\u00dfe 18<br \/>71032 B\u00f6blingen<br \/>Tel. <a href=\"tel:7031\/76319-3\" target=\"_blank\" rel=\"noopener\">07031\/76319-3<\/a><br \/>Mail <a style=\"outline: 0px;\" href=\"mailto:info@kh-boeblingen.de\">info@kh-boeblingen.de<\/a><\/p><p>\u00a0<\/p>\t\t\t\t\t\t\t\t<\/div>\n\t\t\t\t<\/div>\n\t\t\t\t\t<\/div>\n\t\t<\/div>\n\t\t\t\t\t<\/div>\n\t\t<\/section>\n\t\t\t\t\t<\/div>\n\t\t<\/div>\n\t\t\t\t<div class=\"elementor-column elementor-col-25 elementor-top-column elementor-element elementor-element-fbb989c\" data-id=\"fbb989c\" data-element_type=\"column\" data-e-type=\"column\">\n\t\t\t<div class=\"elementor-widget-wrap elementor-element-populated\">\n\t\t\t\t\t\t<section class=\"elementor-section elementor-inner-section elementor-element elementor-element-41299c5 elementor-section-height-min-height elementor-section-boxed elementor-section-height-default\" data-id=\"41299c5\" data-element_type=\"section\" data-e-type=\"section\">\n\t\t\t\t\t\t<div class=\"elementor-container elementor-column-gap-default\">\n\t\t\t\t\t<div class=\"elementor-column elementor-col-100 elementor-inner-column elementor-element elementor-element-c094296\" data-id=\"c094296\" data-element_type=\"column\" data-e-type=\"column\" data-settings=\"{&quot;background_background&quot;:&quot;classic&quot;}\">\n\t\t\t<div class=\"elementor-widget-wrap elementor-element-populated\">\n\t\t\t\t\t\t<div class=\"elementor-element elementor-element-88d7887 elementor-widget elementor-widget-image\" data-id=\"88d7887\" data-element_type=\"widget\" data-e-type=\"widget\" data-widget_type=\"image.default\">\n\t\t\t\t<div class=\"elementor-widget-container\">\n\t\t\t\t\t\t\t\t\t\t\t\t\t\t\t<img decoding=\"async\" width=\"591\" height=\"855\" src=\"https:\/\/www.fleischerinnung-boeblingen-ludwigsburg.de\/wp-content\/uploads\/2023\/06\/LOGO-LIV-f-Marke.png\" class=\"attachment-large size-large wp-image-17306\" alt=\"\" srcset=\"https:\/\/www.fleischerinnung-boeblingen-ludwigsburg.de\/wp-content\/uploads\/2023\/06\/LOGO-LIV-f-Marke.png 591w, https:\/\/www.fleischerinnung-boeblingen-ludwigsburg.de\/wp-content\/uploads\/2023\/06\/LOGO-LIV-f-Marke-207x300.png 207w\" sizes=\"(max-width: 591px) 100vw, 591px\" \/>\t\t\t\t\t\t\t\t\t\t\t\t\t\t\t<\/div>\n\t\t\t\t<\/div>\n\t\t\t\t<div class=\"elementor-element elementor-element-432e7c7 elementor-widget elementor-widget-text-editor\" data-id=\"432e7c7\" data-element_type=\"widget\" data-e-type=\"widget\" data-widget_type=\"text-editor.default\">\n\t\t\t\t<div class=\"elementor-widget-container\">\n\t\t\t\t\t\t\t\t\t<p><a href=\"https:\/\/fleischerbw.de\/\"><strong>Landesinnungsverband<br \/>f\u00fcr das Fleischerhandwerk<br \/>in Baden-W\u00fcrttemberg <\/strong><\/a><br \/>Haus des Fleischerhandwerks<br \/>Viehhofstra\u00dfe 5 &#8211; 7<br \/>70188 Stuttgart<br \/>Tel.\u00a0<a href=\"tel:0711 \/ 46 72 74\" target=\"_blank\" rel=\"noopener\">0711\/46 72 74<\/a><br \/>Mail\u00a0<a style=\"outline: 0px;\" href=\"mailto:info@fleischerbw.de\">info@fleischerbw.de<\/a><\/p>\t\t\t\t\t\t\t\t<\/div>\n\t\t\t\t<\/div>\n\t\t\t\t\t<\/div>\n\t\t<\/div>\n\t\t\t\t\t<\/div>\n\t\t<\/section>\n\t\t\t\t\t<\/div>\n\t\t<\/div>\n\t\t\t\t<div class=\"elementor-column elementor-col-25 elementor-top-column elementor-element elementor-element-bf62155\" data-id=\"bf62155\" data-element_type=\"column\" data-e-type=\"column\">\n\t\t\t<div class=\"elementor-widget-wrap elementor-element-populated\">\n\t\t\t\t\t\t<section class=\"elementor-section elementor-inner-section elementor-element elementor-element-6983681 elementor-section-height-min-height elementor-section-boxed elementor-section-height-default\" data-id=\"6983681\" data-element_type=\"section\" data-e-type=\"section\">\n\t\t\t\t\t\t<div class=\"elementor-container elementor-column-gap-default\">\n\t\t\t\t\t<div class=\"elementor-column elementor-col-100 elementor-inner-column elementor-element elementor-element-e658da3\" data-id=\"e658da3\" data-element_type=\"column\" data-e-type=\"column\" data-settings=\"{&quot;background_background&quot;:&quot;classic&quot;}\">\n\t\t\t<div class=\"elementor-widget-wrap elementor-element-populated\">\n\t\t\t\t\t\t<div class=\"elementor-element elementor-element-887d660 elementor-widget elementor-widget-image\" data-id=\"887d660\" data-element_type=\"widget\" data-e-type=\"widget\" data-widget_type=\"image.default\">\n\t\t\t\t<div class=\"elementor-widget-container\">\n\t\t\t\t\t\t\t\t\t\t\t\t\t\t\t<img loading=\"lazy\" decoding=\"async\" width=\"955\" height=\"452\" src=\"https:\/\/www.fleischerinnung-boeblingen-ludwigsburg.de\/wp-content\/uploads\/2023\/06\/Logo-DFV-2.png\" class=\"attachment-large size-large wp-image-17298\" alt=\"\" srcset=\"https:\/\/www.fleischerinnung-boeblingen-ludwigsburg.de\/wp-content\/uploads\/2023\/06\/Logo-DFV-2.png 955w, https:\/\/www.fleischerinnung-boeblingen-ludwigsburg.de\/wp-content\/uploads\/2023\/06\/Logo-DFV-2-300x142.png 300w, https:\/\/www.fleischerinnung-boeblingen-ludwigsburg.de\/wp-content\/uploads\/2023\/06\/Logo-DFV-2-768x363.png 768w, https:\/\/www.fleischerinnung-boeblingen-ludwigsburg.de\/wp-content\/uploads\/2023\/06\/Logo-DFV-2-600x284.png 600w\" sizes=\"(max-width: 955px) 100vw, 955px\" \/>\t\t\t\t\t\t\t\t\t\t\t\t\t\t\t<\/div>\n\t\t\t\t<\/div>\n\t\t\t\t<div class=\"elementor-element elementor-element-7cae442 elementor-widget elementor-widget-text-editor\" data-id=\"7cae442\" data-element_type=\"widget\" data-e-type=\"widget\" data-widget_type=\"text-editor.default\">\n\t\t\t\t<div class=\"elementor-widget-container\">\n\t\t\t\t\t\t\t\t\t<p><a href=\"https:\/\/www.fleischerhandwerk.de\/\"><strong>Deutscher<br \/>Fleischer-Verband e. V.<\/strong><\/a><br \/>Kennedyallee 53<br \/>60596 Frankfurt am Main<br \/>Tel. <a href=\"tel:069\/63302-0\" target=\"_blank\" rel=\"noopener\">069\/63302-0<\/a><br \/>Mail <a style=\"outline: 0px;\" href=\"mailto:info@fleischerhandwerk.de\">info@fleischerhandwerk.de<\/a><br \/><br \/><br \/><br \/><\/p>\t\t\t\t\t\t\t\t<\/div>\n\t\t\t\t<\/div>\n\t\t\t\t\t<\/div>\n\t\t<\/div>\n\t\t\t\t\t<\/div>\n\t\t<\/section>\n\t\t\t\t\t<\/div>\n\t\t<\/div>\n\t\t\t\t\t<\/div>\n\t\t<\/section>\n\t\t\t\t<\/div>\n\t\t","protected":false},"excerpt":{"rendered":"<p>unsere Mitgliedsbetriebe 65 inhabergef\u00fchrte Metzgereibetriebe und deren Filialen sind Teil der fusionierten Fleischerinnung B\u00f6blingen-Ludwigsburg. Sie gew\u00e4hrleisten eine fl\u00e4chendeckende und qualitativ hochwertige Versorgung der beiden Landkreise mit frischen Fleisch- und Wurstprodukten. Die Qualit\u00e4t unseres reichhaltigen Produktsortiments beginnt bei den regionalen Bauern. Artgerechte Haltung und F\u00fctterung der Tiere sowie kurze Transportwege sind uns ein Anliegen. So k\u00f6nnen [&hellip;]<\/p>\n","protected":false},"author":1,"featured_media":0,"parent":36,"menu_order":3,"comment_status":"closed","ping_status":"closed","template":"elementor_header_footer","meta":{"content-type":"","footnotes":""},"class_list":["post-4913","page","type-page","status-publish","hentry"],"_links":{"self":[{"href":"https:\/\/www.fleischerinnung-boeblingen-ludwigsburg.de\/index.php?rest_route=\/wp\/v2\/pages\/4913","targetHints":{"allow":["GET"]}}],"collection":[{"href":"https:\/\/www.fleischerinnung-boeblingen-ludwigsburg.de\/index.php?rest_route=\/wp\/v2\/pages"}],"about":[{"href":"https:\/\/www.fleischerinnung-boeblingen-ludwigsburg.de\/index.php?rest_route=\/wp\/v2\/types\/page"}],"author":[{"embeddable":true,"href":"https:\/\/www.fleischerinnung-boeblingen-ludwigsburg.de\/index.php?rest_route=\/wp\/v2\/users\/1"}],"replies":[{"embeddable":true,"href":"https:\/\/www.fleischerinnung-boeblingen-ludwigsburg.de\/index.php?rest_route=%2Fwp%2Fv2%2Fcomments&post=4913"}],"version-history":[{"count":1575,"href":"https:\/\/www.fleischerinnung-boeblingen-ludwigsburg.de\/index.php?rest_route=\/wp\/v2\/pages\/4913\/revisions"}],"predecessor-version":[{"id":18616,"href":"https:\/\/www.fleischerinnung-boeblingen-ludwigsburg.de\/index.php?rest_route=\/wp\/v2\/pages\/4913\/revisions\/18616"}],"up":[{"embeddable":true,"href":"https:\/\/www.fleischerinnung-boeblingen-ludwigsburg.de\/index.php?rest_route=\/wp\/v2\/pages\/36"}],"wp:attachment":[{"href":"https:\/\/www.fleischerinnung-boeblingen-ludwigsburg.de\/index.php?rest_route=%2Fwp%2Fv2%2Fmedia&parent=4913"}],"curies":[{"name":"wp","href":"https:\/\/api.w.org\/{rel}","templated":true}]}}